{"id":10328,"date":"2026-06-29T16:19:02","date_gmt":"2026-06-29T08:19:02","guid":{"rendered":"https:\/\/regask.com\/?page_id=10328"},"modified":"2026-08-17T13:43:57","modified_gmt":"2026-08-17T05:43:57","slug":"webinaire-esko-de-la-conception-a-la-production-lavenir-de-la-chaine-de-valeur-de-lemballage","status":"publish","type":"page","link":"https:\/\/regask.com\/fr\/esko-webinar-from-design-to-production-line-the-future-of-the-packaging-value-chain\/","title":{"rendered":"Webinaire Esko | De la conception \u00e0 la production : L&#039;avenir\u2026"},"content":{"rendered":"<div style=\"display:none;\">\n<script type=\"application\/ld+json\">{\n    \"@context\": \"https:\\\/\\\/schema.org\",\n    \"@type\": \"Event\",\n    \"name\": \"From Design to Production Line: The Future of the Packaging Value Chain\",\n    \"eventAttendanceMode\": \"https:\\\/\\\/schema.org\\\/OnlineEventAttendanceMode\",\n    \"eventStatus\": \"https:\\\/\\\/schema.org\\\/EventScheduled\",\n    \"startDate\": \"2026-09-10T16:00:00+02:00\",\n    \"endDate\": \"2026-09-10T17:00:00+02:00\",\n    \"location\": {\n        \"@type\": \"VirtualLocation\",\n        \"url\": \"https:\\\/\\\/app.livestorm.co\\\/esko-3\\\/from-design-to-production-line-the-future-of-the-packaging-value-chain?utm_source=regask&utm_medium=social&utm_campaign=interpackwebinar\"\n    },\n    \"organizer\": {\n        \"@type\": \"Organization\",\n        \"name\": \"Esko\",\n        \"url\": \"https:\\\/\\\/www.esko.com\"\n    },\n    \"performer\": {\n        \"@type\": \"Person\",\n        \"name\": \"Rohit Gulati\",\n        \"jobTitle\": \"VP, Product and Technology, RegASK\"\n    },\n    \"description\": \"RegASK joins Esko and packaging industry leaders for a virtual walkthrough of the connected packaging value chain. Rohit Gulati, VP, Product and Technology at RegASK, joins the discussion panel to share how RegASK's regulatory intelligence helps packaging teams navigate compliance requirements, from PPWR and GS1 Sunrise 2027 to Digital Product Passports, with speed and confidence.\"\n}<\/script>\n<\/div>\n\n\n\t<section class=\"section eneko-bg-header dark\" id=\"section_214960056\">\n\t\t<div class=\"section-bg fill\" >\n\t\t\t\t\t\t\t\t\t\n\t\t\t\n\n\t\t<\/div>\n\n\t\t\n\n\t\t<div class=\"section-content relative\">\n\t\t\t\n<div class=\"row row-large align-equal align-center\"  id=\"row-141250761\">\n\n\t<div id=\"col-1121698014\" class=\"col small-12 large-12\"  >\n\t\t\t\t<div class=\"col-inner text-left\"  >\n\t\t\t\n\t\t\t\n\t<div class=\"img has-hover x md-x lg-x y md-y lg-y\" id=\"image_1459834641\">\n\t\t\t\t\t\t\t\t<div class=\"img-inner dark\" >\n\t\t\t<img loading=\"lazy\" decoding=\"async\" width=\"944\" height=\"75\" src=\"https:\/\/regask.com\/wp-content\/uploads\/2026\/08\/RegASK-CoHost-Esko.avif\" class=\"attachment-large size-large\" alt=\"Regask Cohost Esko\" srcset=\"https:\/\/regask.com\/wp-content\/uploads\/2026\/08\/RegASK-CoHost-Esko.avif 944w, https:\/\/regask.com\/wp-content\/uploads\/2026\/08\/RegASK-CoHost-Esko-330x26.avif 330w, https:\/\/regask.com\/wp-content\/uploads\/2026\/08\/RegASK-CoHost-Esko-18x1.avif 18w\" sizes=\"auto, (max-width: 944px) 100vw, 944px\" \/>\t\t\t\t\t\t\n\t\t\t\t\t<\/div>\n\t\t\t\t\t\t\t\t\n<style>\n#image_1459834641 {\n  width: 88%;\n}\n@media (min-width:550px) {\n  #image_1459834641 {\n    width: 64%;\n  }\n}\n<\/style>\n\t<\/div>\n\t\n\t<div id=\"gap-1177361817\" class=\"gap-element clearfix\" style=\"display:block; height:auto;\">\n\t\t\n<style>\n#gap-1177361817 {\n  padding-top: 10px;\n}\n<\/style>\n\t<\/div>\n\t\n<h1>De la conception \u00e0 la production : l&#039;avenir de la cha\u00eene de valeur de l&#039;emballage<\/h1>\n<p>PPWR. California SB54. GS1 Sunrise 2027. Passeports num\u00e9riques des produits. Votre processus d&#039;emballage est-il pr\u00eat pour l&#039;avenir\u00a0? Rejoignez RegASK et Esko pour une pr\u00e9sentation pratique de la cha\u00eene de valeur de l&#039;emballage connect\u00e9 et conforme aux normes.<\/p>\n\t<div id=\"stack-3569885220\" class=\"stack stack-row justify-start items-stretch sm:stack-col\">\n\t\t\n\t<div id=\"text-428597066\" class=\"text\">\n\t\t\n<p><span data-text-color=\"secondary\">Date<\/span><br \/>Mercredi 10 septembre 2026<\/p>\n\t\t\t<\/div>\n\t\n\t<div id=\"text-3069527664\" class=\"text\">\n\t\t\n<p><span data-text-color=\"secondary\">Lieu<\/span><br \/>En ligne \u00b7 Gratuit<\/p>\n\t\t\t<\/div>\n\t\n\t<div id=\"text-3827175249\" class=\"text\">\n\t\t\n<p><span data-text-color=\"secondary\">Dur\u00e9e<\/span><br \/>60 minutes<\/p>\n\t\t\t<\/div>\n\t\n\t\t\n<style>\n#stack-3569885220 > * {\n  --stack-gap: 1rem;\n}\n@media (min-width:550px) {\n  #stack-3569885220 > * {\n    --stack-gap: 4rem;\n  }\n}\n<\/style>\n\t<\/div>\n\t\n\t<div id=\"gap-875795950\" class=\"gap-element clearfix\" style=\"display:block; height:auto;\">\n\t\t\n<style>\n#gap-875795950 {\n  padding-top: 20px;\n}\n<\/style>\n\t<\/div>\n\t\n\t<div id=\"stack-1282462398\" class=\"stack stack-row justify-start items-stretch sm:stack-col\">\n\t\t\n\t<div id=\"text-223982898\" class=\"text\">\n\t\t\n<p><span data-text-color=\"secondary\">Temps<\/span><br \/>16h00 CEST \u00b7 10h00 HE \u00b7 22h00 SGT\n<\/p>\n\t\t\t<\/div>\n\t\n\t\t\n<style>\n#stack-1282462398 > * {\n  --stack-gap: 1rem;\n}\n@media (min-width:550px) {\n  #stack-1282462398 > * {\n    --stack-gap: 4rem;\n  }\n}\n<\/style>\n\t<\/div>\n\t\n\t<div id=\"gap-334015018\" class=\"gap-element clearfix\" style=\"display:block; height:auto;\">\n\t\t\n<style>\n#gap-334015018 {\n  padding-top: 40px;\n}\n<\/style>\n\t<\/div>\n\t\n<a data-animate=\"bounceIn\" href=\"#register\" class=\"button secondary lowercase\" >\n\t\t<span>R\u00e9servez votre place \u2192<\/span>\n\t<\/a>\n\n<a data-animate=\"bounceIn\" href=\"https:\/\/calendar.google.com\/calendar\/render?action=TEMPLATE&#038;text=From%20Design%20to%20Production%20Line%3A%20The%20Future%20of%20the%20Packaging%20Value%20Chain&#038;dates=20260910T140000Z\/20260910T150000Z&#038;details=Join%20Esko%20for%20From%20Design%20to%20Production%20Line%3A%20The%20Future%20of%20the%20Packaging%20Value%20Chain.Register%20here%3A%20https%3A%2F%2Fapp.livestorm.co%2Fesko-3%2Ffrom-design-to-production-line-the-future-of-the-packaging-value-chain%3Futm_source%3Dregask%26utm_medium%3Dsocial%26utm_campaign%3Dinterpackwebinar&#038;location=Online\" target=\"_blank\" class=\"button secondary is-outline lowercase hidden\" rel=\"noopener\" >\n\t\t<span>Ajouter au calendrier<\/span>\n\t<\/a>\n\n\t<div id=\"gap-618881829\" class=\"gap-element clearfix\" style=\"display:block; height:auto;\">\n\t\t\n<style>\n#gap-618881829 {\n  padding-top: 10px;\n}\n<\/style>\n\t<\/div>\n\t\n<p>\u2713 Impossible d&#039;y assister en direct ? <span data-text-color=\"secondary\"><strong><a href=\"https:\/\/regask.com\/fr\/webinaire-esko-de-la-conception-a-la-production-lavenir-de-la-chaine-de-valeur-de-lemballage\/#register\">Inscrivez-vous quand m\u00eame<\/a> <\/strong><\/span>\u2014 nous vous enverrons l&#039;enregistrement.<\/p>\n\t\t<\/div>\n\t\t\t\t\n<style>\n#col-1121698014 > .col-inner {\n  padding: 0px 0px 0px 0px;\n  margin: 50px 0px 50px 0px;\n}\n@media (min-width:550px) {\n  #col-1121698014 > .col-inner {\n    padding: 0px 480px 0px 0px;\n    margin: 80px 0px 30px 0px;\n  }\n}\n<\/style>\n\t<\/div>\n\n\t\n<\/div>\n\t\t<\/div>\n\n\t\t\n<style>\n#section_214960056 {\n  padding-top: 30px;\n  padding-bottom: 30px;\n  background-color: rgb(0,0,0);\n}\n@media (min-width:550px) {\n  #section_214960056 {\n    padding-top: 70px;\n    padding-bottom: 70px;\n  }\n}\n<\/style>\n\t<\/section>\n\t\n\n\t<section class=\"section\" id=\"section_39598503\">\n\t\t<div class=\"section-bg fill\" >\n\t\t\t\t\t\t\t\t\t\n\t\t\t\n\n\t\t<\/div>\n\n\t\t\n\n\t\t<div class=\"section-content relative\">\n\t\t\t\n<div class=\"row\"  id=\"row-2006822584\">\n\n\t<div id=\"col-708847581\" class=\"col small-12 large-12\"  >\n\t\t\t\t<div class=\"col-inner\"  >\n\t\t\t\n\t\t\t\n\t<div id=\"text-1390818624\" class=\"text\">\n\t\t\n<p style=\"text-align: center;\"><strong>Suite \u00e0 l&#039;exp\u00e9rience de bout en bout interpack<\/strong><\/p>\n<p style=\"text-align: center;\">L\u00e0 o\u00f9 plus de 1 000 professionnels de l&#039;emballage ont pu observer en direct la cha\u00eene de valeur connect\u00e9e, l&#039;accent est d\u00e9sormais mis sur le volet r\u00e9glementaire.<\/p>\n\t\t\n<style>\n#text-1390818624 {\n  line-height: 1.35;\n}\n@media (min-width:550px) {\n  #text-1390818624 {\n    line-height: 0.75;\n  }\n}\n<\/style>\n\t<\/div>\n\t\n\t\t<\/div>\n\t\t\t\t\n<style>\n#col-708847581 > .col-inner {\n  margin: 10px 0px -40px 0px;\n}\n<\/style>\n\t<\/div>\n\n\t\n\n<style>\n#row-2006822584 > .col > .col-inner {\n  padding: 0px 0px 0px 0px;\n}\n<\/style>\n<\/div>\n\t\t<\/div>\n\n\t\t\n<style>\n#section_39598503 {\n  padding-top: 30px;\n  padding-bottom: 30px;\n  background-color: #f5f5f5;\n}\n<\/style>\n\t<\/section>\n\t\n\n\t<section class=\"section\" id=\"section_1658251419\">\n\t\t<div class=\"section-bg fill\" >\n\t\t\t\t\t\t\t\t\t\n\t\t\t\n\n\t\t<\/div>\n\n\t\t\n\n\t\t<div class=\"section-content relative\">\n\t\t\t\n<div class=\"row row-large align-middle align-center\"  id=\"row-780985297\">\n\n\t<div id=\"col-1568955918\" class=\"col small-12 large-12\"  >\n\t\t\t\t<div class=\"col-inner text-left\"  >\n\t\t\t\n\t\t\t\n\t<div id=\"text-2158685524\" class=\"text\">\n\t\t\n<p class=\"sub-heading\">Ce que vous apprendrez<\/p>\n<h2>Partez avec un plan, pas seulement un paysage<\/h2>\n\t\t\n<style>\n#text-2158685524 {\n  text-align: left;\n}\n<\/style>\n\t<\/div>\n\t\n\t<div id=\"text-2419946955\" class=\"text\">\n\t\t\n<p>Quatre points pratiques \u00e0 retenir que vous pourrez partager d\u00e8s le lendemain matin avec vos \u00e9quipes charg\u00e9es de l&#039;emballage, de la r\u00e9glementation et du d\u00e9veloppement durable.<\/p>\n\t\t\n<style>\n#text-2419946955 {\n  text-align: left;\n}\n<\/style>\n\t<\/div>\n\t\n\t<div id=\"gap-1366596374\" class=\"gap-element clearfix\" style=\"display:block; height:auto;\">\n\t\t\n<style>\n#gap-1366596374 {\n  padding-top: 20px;\n}\n<\/style>\n\t<\/div>\n\t\n<div class=\"row row-large align-equal align-center\"  id=\"row-2034650800\">\n\n\t<div id=\"col-641344369\" class=\"col medium-6 small-12 large-6\"  >\n\t\t\t\t<div class=\"col-inner box-shadow-2\" style=\"background-color:#ffffff;\" >\n\t\t\t\n\t\t\t\n\t<div id=\"text-1530716069\" class=\"text\">\n\t\t\n<h3>Prenez une longueur d&#039;avance sur GS1 Sunrise 2027 et les passeports num\u00e9riques de produits.<\/h3>\n\t\t\n<style>\n#text-1530716069 {\n  text-align: left;\n  color: #0a2342;\n}\n#text-1530716069 > * {\n  color: #0a2342;\n}\n<\/style>\n\t<\/div>\n\t\n\t<div id=\"gap-837600725\" class=\"gap-element clearfix\" style=\"display:block; height:auto;\">\n\t\t\n<style>\n#gap-837600725 {\n  padding-top: 10px;\n}\n<\/style>\n\t<\/div>\n\t\n\t<div id=\"text-3174449257\" class=\"text\">\n\t\t\n<p>Comment pr\u00e9parer les illustrations, l&#039;\u00e9tiquetage et les flux de donn\u00e9es pour les codes-barres 2D et les exigences DPP, avant que leur application n&#039;atteigne votre ligne de production.<\/p>\n\t\t\n<style>\n#text-3174449257 {\n  text-align: left;\n  color: #0a2342;\n}\n#text-3174449257 > * {\n  color: #0a2342;\n}\n<\/style>\n\t<\/div>\n\t\n\t<div id=\"text-1626653330\" class=\"text\">\n\t\t\n<p class=\"sub-heading\">Respect des d\u00e9lais \u00b7 2027<\/p>\n\t\t\n<style>\n#text-1626653330 {\n  font-size: 3.3rem;\n  text-align: left;\n  color: #ed4d65;\n}\n#text-1626653330 > * {\n  color: #ed4d65;\n}\n<\/style>\n\t<\/div>\n\t\n\t\t<\/div>\n\t\t\t\t\n<style>\n#col-641344369 > .col-inner {\n  padding: 30px 24px 20px 24px;\n  border-radius: 12px;\n}\n@media (min-width:550px) {\n  #col-641344369 > .col-inner {\n    padding: 40px 40px 40px 40px;\n  }\n}\n<\/style>\n\t<\/div>\n\n\t\n\n\t<div id=\"col-521396058\" class=\"col medium-6 small-12 large-6\"  >\n\t\t\t\t<div class=\"col-inner box-shadow-2\" style=\"background-color:#ffffff;\" >\n\t\t\t\n\t\t\t\n\t<div id=\"text-128240927\" class=\"text\">\n\t\t\n<h3>Traduire les r\u00e9glementations PPWR et SB54 de Californie en d\u00e9cisions de conception<\/h3>\n\t\t\n<style>\n#text-128240927 {\n  text-align: left;\n  color: #0a2342;\n}\n#text-128240927 > * {\n  color: #0a2342;\n}\n<\/style>\n\t<\/div>\n\t\n\t<div id=\"gap-2047385878\" class=\"gap-element clearfix\" style=\"display:block; height:auto;\">\n\t\t\n<style>\n#gap-2047385878 {\n  padding-top: 10px;\n}\n<\/style>\n\t<\/div>\n\t\n\t<div id=\"text-3138814766\" class=\"text\">\n\t\t\n<p>Associez les obligations en mati\u00e8re de recyclabilit\u00e9, d&#039;\u00e9tiquetage et de REP aux choix que font aujourd&#039;hui vos concepteurs et ing\u00e9nieurs d&#039;emballage.<\/p>\n\t\t\n<style>\n#text-3138814766 {\n  text-align: left;\n  color: #0a2342;\n}\n#text-3138814766 > * {\n  color: #0a2342;\n}\n<\/style>\n\t<\/div>\n\t\n\t<div id=\"text-887683778\" class=\"text\">\n\t\t\n<p class=\"sub-heading\">Couverture UE + \u00c9tats-Unis<\/p>\n\t\t\n<style>\n#text-887683778 {\n  font-size: 3.3rem;\n  text-align: left;\n  color: #ed4d65;\n}\n#text-887683778 > * {\n  color: #ed4d65;\n}\n<\/style>\n\t<\/div>\n\t\n\t\t<\/div>\n\t\t\t\t\n<style>\n#col-521396058 > .col-inner {\n  padding: 30px 24px 20px 24px;\n  border-radius: 12px;\n}\n@media (min-width:550px) {\n  #col-521396058 > .col-inner {\n    padding: 40px 40px 40px 40px;\n  }\n}\n<\/style>\n\t<\/div>\n\n\t\n\n\t<div id=\"col-48144794\" class=\"col medium-6 small-12 large-6\"  >\n\t\t\t\t<div class=\"col-inner box-shadow-2\" style=\"background-color:#ffffff;\" >\n\t\t\t\n\t\t\t\n\t<div id=\"text-4071949144\" class=\"text\">\n\t\t\n<h3>Int\u00e9grer les renseignements r\u00e9glementaires \u00e0 la cha\u00eene de production<\/h3>\n\t\t\n<style>\n#text-4071949144 {\n  text-align: left;\n  color: #0a2342;\n}\n#text-4071949144 > * {\n  color: #0a2342;\n}\n<\/style>\n\t<\/div>\n\t\n\t<div id=\"gap-776082042\" class=\"gap-element clearfix\" style=\"display:block; height:auto;\">\n\t\t\n<style>\n#gap-776082042 {\n  padding-top: 10px;\n}\n<\/style>\n\t<\/div>\n\t\n\t<div id=\"text-2529749286\" class=\"text\">\n\t\t\n<p>D\u00e9couvrez comment une cha\u00eene de valeur int\u00e9gr\u00e9e, du cahier des charges \u00e0 la publication, permet de d\u00e9tecter les probl\u00e8mes de conformit\u00e9 l\u00e0 o\u00f9 ils sont les moins co\u00fbteux \u00e0 r\u00e9soudre.<\/p>\n\t\t\n<style>\n#text-2529749286 {\n  text-align: left;\n  color: #0a2342;\n}\n#text-2529749286 > * {\n  color: #0a2342;\n}\n<\/style>\n\t<\/div>\n\t\n\t<div id=\"text-799883963\" class=\"text\">\n\t\t\n<p class=\"sub-heading\">Visite guid\u00e9e en direct<\/p>\n\t\t\n<style>\n#text-799883963 {\n  font-size: 3.3rem;\n  text-align: left;\n  color: #ed4d65;\n}\n#text-799883963 > * {\n  color: #ed4d65;\n}\n<\/style>\n\t<\/div>\n\t\n\t\t<\/div>\n\t\t\t\t\n<style>\n#col-48144794 > .col-inner {\n  padding: 30px 24px 20px 24px;\n  border-radius: 12px;\n}\n@media (min-width:550px) {\n  #col-48144794 > .col-inner {\n    padding: 40px 40px 40px 40px;\n  }\n}\n<\/style>\n\t<\/div>\n\n\t\n\n\t<div id=\"col-253824238\" class=\"col medium-6 small-12 large-6\"  >\n\t\t\t\t<div class=\"col-inner box-shadow-2\" style=\"background-color:#ffffff;\" >\n\t\t\t\n\t\t\t\n\t<div id=\"text-4109052165\" class=\"text\">\n\t\t\n<h3>\u00c9laborer une feuille de route de conformit\u00e9 adapt\u00e9e \u00e0 l&#039;\u00e9conomie circulaire<\/h3>\n\t\t\n<style>\n#text-4109052165 {\n  text-align: left;\n  color: #0a2342;\n}\n#text-4109052165 > * {\n  color: #0a2342;\n}\n<\/style>\n\t<\/div>\n\t\n\t<div id=\"gap-457108876\" class=\"gap-element clearfix\" style=\"display:block; height:auto;\">\n\t\t\n<style>\n#gap-457108876 {\n  padding-top: 10px;\n}\n<\/style>\n\t<\/div>\n\t\n\t<div id=\"text-1684321173\" class=\"text\">\n\t\t\n<p>Une approche par \u00e9tapes de la tra\u00e7abilit\u00e9, de la s\u00e9rialisation et des all\u00e9gations de durabilit\u00e9 qui r\u00e9siste aux audits et \u00e0 la mise \u00e0 l&#039;\u00e9chelle.<\/p>\n\t\t\n<style>\n#text-1684321173 {\n  text-align: left;\n  color: #0a2342;\n}\n#text-1684321173 > * {\n  color: #0a2342;\n}\n<\/style>\n\t<\/div>\n\t\n\t<div id=\"text-3150765848\" class=\"text\">\n\t\t\n<p class=\"sub-heading\">Cadre de r\u00e9f\u00e9rence<\/p>\n\t\t\n<style>\n#text-3150765848 {\n  font-size: 3.3rem;\n  text-align: left;\n  color: #ed4d65;\n}\n#text-3150765848 > * {\n  color: #ed4d65;\n}\n<\/style>\n\t<\/div>\n\t\n\t\t<\/div>\n\t\t\t\t\n<style>\n#col-253824238 > .col-inner {\n  padding: 30px 24px 20px 24px;\n  border-radius: 12px;\n}\n@media (min-width:550px) {\n  #col-253824238 > .col-inner {\n    padding: 40px 40px 40px 40px;\n  }\n}\n<\/style>\n\t<\/div>\n\n\t\n<\/div>\n\t<div id=\"gap-1257301368\" class=\"gap-element clearfix\" style=\"display:block; height:auto;\">\n\t\t\n<style>\n#gap-1257301368 {\n  padding-top: 20px;\n}\n<\/style>\n\t<\/div>\n\t\n\t<div id=\"gap-1826758633\" class=\"gap-element clearfix\" style=\"display:block; height:auto;\">\n\t\t\n<style>\n#gap-1826758633 {\n  padding-top: 20px;\n}\n<\/style>\n\t<\/div>\n\t\n<a href=\"#register\" class=\"button secondary is-large lowercase\" style=\"border-radius:5px;\">\n\t\t<span>R\u00e9servez votre place \u2192<\/span>\n\t<\/a>\n\n\t\t<\/div>\n\t\t\t\t\n<style>\n#col-1568955918 > .col-inner {\n  padding: 30px 10px 0px 10px;\n}\n@media (min-width:550px) {\n  #col-1568955918 > .col-inner {\n    padding: 0px 50px 0px 50px;\n  }\n}\n@media (min-width:850px) {\n  #col-1568955918 > .col-inner {\n    padding: 60px 0px 0px 0px;\n  }\n}\n<\/style>\n\t<\/div>\n\n\t\n<\/div>\n\t\t<\/div>\n\n\t\t\n<style>\n#section_1658251419 {\n  padding-top: 40px;\n  padding-bottom: 40px;\n  background-color: #ffffff;\n}\n<\/style>\n\t<\/section>\n\t\n\n\t<section class=\"section\" id=\"section_2073048304\">\n\t\t<div class=\"section-bg fill\" >\n\t\t\t\t\t\t\t\t\t\n\t\t\t\n\n\t\t<\/div>\n\n\t\t\n\n\t\t<div class=\"section-content relative\">\n\t\t\t\n<div class=\"row\"  id=\"row-1368585029\">\n\n\t<div id=\"col-1815439451\" class=\"col small-12 large-12\"  >\n\t\t\t\t<div class=\"col-inner text-left\"  >\n\t\t\t\n\t\t\t\n\t<div id=\"text-4067954873\" class=\"text\">\n\t\t\n<p class=\"sub-heading\">Qui devrait participer<\/p>\n<h2>Con\u00e7u pour les \u00e9quipes responsables de la conformit\u00e9 des emballages<\/h2>\n\t\t\n<style>\n#text-4067954873 {\n  text-align: left;\n}\n<\/style>\n\t<\/div>\n\t\n\t<div id=\"text-462310117\" class=\"text\">\n\t\t\n<p>Quatre points pratiques \u00e0 retenir que vous pourrez partager d\u00e8s le lendemain matin avec vos \u00e9quipes charg\u00e9es de l&#039;emballage, de la r\u00e9glementation et du d\u00e9veloppement durable.<\/p>\n\t\t\n<style>\n#text-462310117 {\n  text-align: left;\n}\n<\/style>\n\t<\/div>\n\t\n\t<div id=\"gap-1755133385\" class=\"gap-element clearfix\" style=\"display:block; height:auto;\">\n\t\t\n<style>\n#gap-1755133385 {\n  padding-top: 20px;\n}\n<\/style>\n\t<\/div>\n\t\n<div class=\"row row-large align-equal align-center\"  id=\"row-142269124\">\n\n\t<div id=\"col-2135402736\" class=\"col small-12 large-12\"  >\n\t\t\t\t<div class=\"col-inner text-left\"  >\n\t\t\t\n\t\t\t\n<a class=\"button primary\" >\n\t\t<span>Affaires r\u00e9glementaires et de conformit\u00e9<\/span>\n\t<\/a>\n\n<a class=\"button primary\" >\n\t\t<span>Ing\u00e9nieurs en emballage<\/span>\n\t<\/a>\n\n<a class=\"button primary\" >\n\t\t<span>Assurance qualit\u00e9<\/span>\n\t<\/a>\n\n<a class=\"button primary\" >\n\t\t<span>Cha\u00eene d&#039;approvisionnement et op\u00e9rations<\/span>\n\t<\/a>\n\n<a class=\"button primary\" >\n\t\t<span>Responsables de marque et d&#039;\u00e9tiquette<\/span>\n\t<\/a>\n\n<a class=\"button primary\" >\n\t\t<span>Responsables du d\u00e9veloppement durable et des crit\u00e8res ESG<\/span>\n\t<\/a>\n\n\t\t<\/div>\n\t\t\t\t\t<\/div>\n\n\t\n<\/div>\n\t\t<\/div>\n\t\t\t\t\n<style>\n#col-1815439451 > .col-inner {\n  padding: 30px 10px 0px 10px;\n}\n@media (min-width:550px) {\n  #col-1815439451 > .col-inner {\n    padding: 0px 50px 0px 50px;\n  }\n}\n@media (min-width:850px) {\n  #col-1815439451 > .col-inner {\n    padding: 60px 0px 0px 0px;\n  }\n}\n<\/style>\n\t<\/div>\n\n\t\n\n<style>\n#row-1368585029 > .col > .col-inner {\n  padding: 60px 0px 0px 0px;\n}\n<\/style>\n<\/div>\n\t\t<\/div>\n\n\t\t\n<style>\n#section_2073048304 {\n  padding-top: 30px;\n  padding-bottom: 30px;\n  background-color: #f5f5f5;\n}\n<\/style>\n\t<\/section>\n\t\n\n\t<section class=\"section\" id=\"section_1343952034\">\n\t\t<div class=\"section-bg fill\" >\n\t\t\t\t\t\t\t\t\t\n\t\t\t\n\n\t\t<\/div>\n\n\t\t\n\n\t\t<div class=\"section-content relative\">\n\t\t\t\n<div class=\"row align-equal align-center\"  id=\"row-1539634006\">\n\n\t<div id=\"col-818803600\" class=\"col small-12 large-12\"  >\n\t\t\t\t<div class=\"col-inner text-left\"  >\n\t\t\t\n\t\t\t\n\t<div id=\"text-4127468651\" class=\"text\">\n\t\t\n<p class=\"sub-heading\">Vos haut-parleurs<\/p>\n<h2>Deux maillons de la cha\u00eene de valeur, une seule conversation<br \/>\n<\/h2>\n\t\t\n<style>\n#text-4127468651 {\n  text-align: left;\n}\n<\/style>\n\t<\/div>\n\t\n\t<div id=\"text-821758635\" class=\"text\">\n\t\t\n<p>Expertise en mati\u00e8re de lignes de production d&#039;Esko, renseignements r\u00e9glementaires de RegASK \u2014 anim\u00e9s pour un public de professionnels.<\/p>\n\t\t\n<style>\n#text-821758635 {\n  text-align: left;\n}\n<\/style>\n\t<\/div>\n\t\n\t\t<\/div>\n\t\t\t\t\n<style>\n#col-818803600 > .col-inner {\n  padding: 30px 10px 0px 10px;\n}\n@media (min-width:550px) {\n  #col-818803600 > .col-inner {\n    padding: 0px 50px 0px 50px;\n  }\n}\n@media (min-width:850px) {\n  #col-818803600 > .col-inner {\n    padding: 60px 0px 0px 0px;\n  }\n}\n<\/style>\n\t<\/div>\n\n\t\n\n\t<div id=\"col-556892207\" class=\"col medium-5 small-12 large-4\"  >\n\t\t\t\t<div class=\"col-inner text-center\" style=\"background-color:rgb(255,255,255);\" >\n\t\t\t\n\t<div class=\"is-border\"\n\t\tstyle=\"border-color:rgb(229, 232, 251);border-radius:16px;border-width:2px 2px 2px 2px;\">\n\t<\/div>\n\t\t\t\n<div class=\"row align-middle align-center\"  id=\"row-88689206\">\n\n\t<div id=\"col-1281474795\" class=\"col small-12 large-12\"  >\n\t\t\t\t<div class=\"col-inner text-left\"  >\n\t\t\t\n\t\t\t\n\t<div id=\"text-3827811955\" class=\"text\">\n\t\t\n<p class=\"sub-heading\">Haut-parleur RegASK<\/p>\n\t\t\n<style>\n#text-3827811955 {\n  font-size: 1.15rem;\n  text-align: center;\n}\n<\/style>\n\t<\/div>\n\t\n\t<div id=\"gap-1288474201\" class=\"gap-element clearfix\" style=\"display:block; height:auto;\">\n\t\t\n<style>\n#gap-1288474201 {\n  padding-top: 10px;\n}\n<\/style>\n\t<\/div>\n\t\n\n\t\t<div class=\"icon-box featured-box icon-box-center text-center\"  >\n\t\t\t\t\t<div class=\"icon-box-img\" style=\"width: 178px\">\n\t\t\t\t<div class=\"icon\">\n\t\t\t\t\t<div class=\"icon-inner\" >\n\t\t\t\t\t\t<img loading=\"lazy\" decoding=\"async\" width=\"330\" height=\"333\" src=\"https:\/\/regask.com\/wp-content\/uploads\/2026\/01\/Rohit-Gulati-330x333.png\" class=\"attachment-medium size-medium\" alt=\"Rohit Gulati\" srcset=\"https:\/\/regask.com\/wp-content\/uploads\/2026\/01\/Rohit-Gulati-330x333.png 330w, https:\/\/regask.com\/wp-content\/uploads\/2026\/01\/Rohit-Gulati-12x12.png 12w, https:\/\/regask.com\/wp-content\/uploads\/2026\/01\/Rohit-Gulati.png 714w\" sizes=\"auto, (max-width: 330px) 100vw, 330px\" \/>\t\t\t\t\t<\/div>\n\t\t\t\t<\/div>\n\t\t\t<\/div>\n\t\t\t\t<div class=\"icon-box-text last-reset\">\n\t\t\t\t\t\t\t\t\t\n<h3>Rohit Gulati<\/h3>\n<p><span data-text-color=\"success\"><strong>VP, Produit et Technologie, RegASK<\/strong><\/span><\/p>\n\t<div id=\"gap-118321312\" class=\"gap-element clearfix\" style=\"display:block; height:auto;\">\n\t\t\n<style>\n#gap-118321312 {\n  padding-top: 10px;\n}\n<\/style>\n\t<\/div>\n\t\n<div class=\"social-icons follow-icons\" style=\"font-size:129%\"><a href=\"https:\/\/www.linkedin.com\/in\/gulrohit\/\" data-label=\"LinkedIn\" target=\"_blank\" class=\"icon plain tooltip linkedin\" title=\"Nous suivons sur LinkedIn\" aria-label=\"Nous suivons sur LinkedIn\" rel=\"noopener nofollow\"><i class=\"icon-linkedin\" aria-hidden=\"true\"><\/i><\/a><\/div>\n\t<div id=\"gap-465538098\" class=\"gap-element clearfix\" style=\"display:block; height:auto;\">\n\t\t\n<style>\n#gap-465538098 {\n  padding-top: 10px;\n}\n<\/style>\n\t<\/div>\n\t\n<p>Rohit poss\u00e8de plus de 15 ans d&#039;exp\u00e9rience dans la conception de solutions d&#039;entreprise \u00e9volutives pour des marques internationales, alliant design UX, strat\u00e9gie produit et innovation pilot\u00e9e par l&#039;IA. En tant que vice-pr\u00e9sident Produit et Technologie chez RegASK, il dirige la conception et la mise en \u0153uvre de solutions de veille r\u00e9glementaire permettant aux organisations d&#039;appr\u00e9hender sereinement les complexit\u00e9s de la conformit\u00e9. Lors de ce webinaire organis\u00e9 par Esko Partnership, Rohit participera \u00e0 la table ronde pour expliquer comment la veille r\u00e9glementaire de RegASK facilite la conformit\u00e9 des emballages, de la validation des visuels \u00e0 la pr\u00e9paration r\u00e9glementaire sur les march\u00e9s internationaux.<\/p>\n\t\t<\/div>\n\t<\/div>\n\t\n\t\n\t\t<\/div>\n\t\t\t\t\n<style>\n#col-1281474795 > .col-inner {\n  padding: 20px 0px 0px 0px;\n  margin: 0px 0px 0px 0px;\n}\n@media (min-width:550px) {\n  #col-1281474795 > .col-inner {\n    padding: 20px 10px 0px 10px;\n  }\n}\n<\/style>\n\t<\/div>\n\n\t\n<\/div>\n\t\t<\/div>\n\t\t\t\t\n<style>\n#col-556892207 > .col-inner {\n  padding: 30px 24px 30px 24px;\n  margin: 0px 0px 0px 0px;\n  border-radius: 16px;\n}\n@media (min-width:550px) {\n  #col-556892207 > .col-inner {\n    padding: 20px 30px 20px 30px;\n  }\n}\n<\/style>\n\t<\/div>\n\n\t\n\n\t<div id=\"col-1852970477\" class=\"col medium-5 small-12 large-4\"  >\n\t\t\t\t<div class=\"col-inner text-center\" style=\"background-color:rgb(255,255,255);\" >\n\t\t\t\n\t<div class=\"is-border\"\n\t\tstyle=\"border-color:rgb(229, 232, 251);border-radius:16px;border-width:2px 2px 2px 2px;\">\n\t<\/div>\n\t\t\t\n<div class=\"row align-middle align-center\"  id=\"row-1975390054\">\n\n\t<div id=\"col-303363230\" class=\"col small-12 large-12\"  >\n\t\t\t\t<div class=\"col-inner text-left\"  >\n\t\t\t\n\t\t\t\n\t<div id=\"text-1938652837\" class=\"text\">\n\t\t\n<p class=\"sub-heading\">Haut-parleur externe<\/p>\n\t\t\n<style>\n#text-1938652837 {\n  font-size: 1.15rem;\n  text-align: center;\n}\n<\/style>\n\t<\/div>\n\t\n\t<div id=\"gap-253498773\" class=\"gap-element clearfix\" style=\"display:block; height:auto;\">\n\t\t\n<style>\n#gap-253498773 {\n  padding-top: 10px;\n}\n<\/style>\n\t<\/div>\n\t\n\n\t\t<div class=\"icon-box featured-box icon-box-center text-center\"  >\n\t\t\t\t\t<div class=\"icon-box-img\" style=\"width: 178px\">\n\t\t\t\t<div class=\"icon\">\n\t\t\t\t\t<div class=\"icon-inner\" >\n\t\t\t\t\t\t<img loading=\"lazy\" decoding=\"async\" width=\"330\" height=\"333\" src=\"https:\/\/regask.com\/wp-content\/uploads\/2026\/08\/Helen-Pfennig-330x333.avif\" class=\"attachment-medium size-medium\" alt=\"Helen Pfennig\" srcset=\"https:\/\/regask.com\/wp-content\/uploads\/2026\/08\/Helen-Pfennig-330x333.avif 330w, https:\/\/regask.com\/wp-content\/uploads\/2026\/08\/Helen-Pfennig-12x12.avif 12w, https:\/\/regask.com\/wp-content\/uploads\/2026\/08\/Helen-Pfennig.avif 505w\" sizes=\"auto, (max-width: 330px) 100vw, 330px\" \/>\t\t\t\t\t<\/div>\n\t\t\t\t<\/div>\n\t\t\t<\/div>\n\t\t\t\t<div class=\"icon-box-text last-reset\">\n\t\t\t\t\t\t\t\t\t\n<h3>Helen Pfennig<\/h3>\n<p><span data-text-color=\"success\"><strong>Directeur du d\u00e9veloppement commercial des partenaires mondiaux, Esko<\/strong><\/span><\/p>\n\t<div id=\"gap-308270558\" class=\"gap-element clearfix\" style=\"display:block; height:auto;\">\n\t\t\n<style>\n#gap-308270558 {\n  padding-top: 10px;\n}\n<\/style>\n\t<\/div>\n\t\n<div class=\"social-icons follow-icons\" style=\"font-size:129%\"><a href=\"https:\/\/www.linkedin.com\/in\/helen-pfennig-00646091\/\" data-label=\"LinkedIn\" target=\"_blank\" class=\"icon plain tooltip linkedin\" title=\"Nous suivons sur LinkedIn\" aria-label=\"Nous suivons sur LinkedIn\" rel=\"noopener nofollow\"><i class=\"icon-linkedin\" aria-hidden=\"true\"><\/i><\/a><\/div>\n\t<div id=\"gap-564485966\" class=\"gap-element clearfix\" style=\"display:block; height:auto;\">\n\t\t\n<style>\n#gap-564485966 {\n  padding-top: 10px;\n}\n<\/style>\n\t<\/div>\n\t\n<p>Helen Pfennig est directrice du d\u00e9veloppement de l&#039;\u00e9cosyst\u00e8me des partenaires mondiaux chez Esko. Sp\u00e9cialis\u00e9e dans les collaborations strat\u00e9giques visant \u00e0 optimiser l&#039;automatisation des flux de travail de bout en bout, de la conception \u00e0 la production, elle travaille en \u00e9troite collaboration avec les partenaires de l&#039;\u00e9cosyst\u00e8me Esko pour permettre aux marques, aux transformateurs et aux clients pr\u00e9presse d&#039;int\u00e9grer des technologies de pointe et de cr\u00e9er des emballages de produits durables, conformes et adapt\u00e9s aux exigences futures. Lors de ce webinaire, elle partagera son expertise sur l&#039;acc\u00e9l\u00e9ration de la gestion des visuels gr\u00e2ce \u00e0 la conformit\u00e9 r\u00e9glementaire, la recyclabilit\u00e9, les identifiants num\u00e9riques GS1 et les processus automatis\u00e9s qui simplifient le parcours de la conception \u00e0 la production.<\/p>\n\t\t<\/div>\n\t<\/div>\n\t\n\t\n\t\t<\/div>\n\t\t\t\t\n<style>\n#col-303363230 > .col-inner {\n  padding: 20px 0px 0px 0px;\n  margin: 0px 0px 0px 0px;\n}\n@media (min-width:550px) {\n  #col-303363230 > .col-inner {\n    padding: 20px 10px 0px 10px;\n  }\n}\n<\/style>\n\t<\/div>\n\n\t\n<\/div>\n\t\t<\/div>\n\t\t\t\t\n<style>\n#col-1852970477 > .col-inner {\n  padding: 30px 24px 30px 24px;\n  margin: 0px 0px 0px 0px;\n  border-radius: 16px;\n}\n@media (min-width:550px) {\n  #col-1852970477 > .col-inner {\n    padding: 20px 30px 20px 30px;\n  }\n}\n<\/style>\n\t<\/div>\n\n\t\n\n\t<div id=\"col-278488666\" class=\"col medium-5 small-12 large-4\"  >\n\t\t\t\t<div class=\"col-inner text-center\" style=\"background-color:rgb(255,255,255);\" >\n\t\t\t\n\t<div class=\"is-border\"\n\t\tstyle=\"border-color:rgb(229, 232, 251);border-radius:16px;border-width:2px 2px 2px 2px;\">\n\t<\/div>\n\t\t\t\n<div class=\"row align-middle align-center\"  id=\"row-300229649\">\n\n\t<div id=\"col-1479487784\" class=\"col small-12 large-12\"  >\n\t\t\t\t<div class=\"col-inner text-left\"  >\n\t\t\t\n\t\t\t\n\t<div id=\"text-3643179017\" class=\"text\">\n\t\t\n<p class=\"sub-heading\">Haut-parleur externe<\/p>\n\t\t\n<style>\n#text-3643179017 {\n  font-size: 1.15rem;\n  text-align: center;\n}\n<\/style>\n\t<\/div>\n\t\n\t<div id=\"gap-692388372\" class=\"gap-element clearfix\" style=\"display:block; height:auto;\">\n\t\t\n<style>\n#gap-692388372 {\n  padding-top: 10px;\n}\n<\/style>\n\t<\/div>\n\t\n\n\t\t<div class=\"icon-box featured-box icon-box-center text-center\"  >\n\t\t\t\t\t<div class=\"icon-box-img\" style=\"width: 178px\">\n\t\t\t\t<div class=\"icon\">\n\t\t\t\t\t<div class=\"icon-inner\" >\n\t\t\t\t\t\t<img loading=\"lazy\" decoding=\"async\" width=\"330\" height=\"333\" src=\"https:\/\/regask.com\/wp-content\/uploads\/2026\/08\/Tom-Barnes-330x333.avif\" class=\"attachment-medium size-medium\" alt=\"Tom Barnes\" srcset=\"https:\/\/regask.com\/wp-content\/uploads\/2026\/08\/Tom-Barnes-330x333.avif 330w, https:\/\/regask.com\/wp-content\/uploads\/2026\/08\/Tom-Barnes-12x12.avif 12w, https:\/\/regask.com\/wp-content\/uploads\/2026\/08\/Tom-Barnes.avif 505w\" sizes=\"auto, (max-width: 330px) 100vw, 330px\" \/>\t\t\t\t\t<\/div>\n\t\t\t\t<\/div>\n\t\t\t<\/div>\n\t\t\t\t<div class=\"icon-box-text last-reset\">\n\t\t\t\t\t\t\t\t\t\n<h3>Tom Barnes<\/h3>\n<p><span data-text-color=\"success\"><strong>Directeur mondial de la tra\u00e7abilit\u00e9 et des applications strat\u00e9giques, Videojet Technologies<br \/>\n<\/strong><\/span><\/p>\n\t<div id=\"gap-254266901\" class=\"gap-element clearfix\" style=\"display:block; height:auto;\">\n\t\t\n<style>\n#gap-254266901 {\n  padding-top: 10px;\n}\n<\/style>\n\t<\/div>\n\t\n<div class=\"social-icons follow-icons\" style=\"font-size:129%\"><a href=\"https:\/\/www.linkedin.com\/in\/tom-barnes-4b31a533\/\" data-label=\"LinkedIn\" target=\"_blank\" class=\"icon plain tooltip linkedin\" title=\"Nous suivons sur LinkedIn\" aria-label=\"Nous suivons sur LinkedIn\" rel=\"noopener nofollow\"><i class=\"icon-linkedin\" aria-hidden=\"true\"><\/i><\/a><\/div>\n\t<div id=\"gap-124550856\" class=\"gap-element clearfix\" style=\"display:block; height:auto;\">\n\t\t\n<style>\n#gap-124550856 {\n  padding-top: 10px;\n}\n<\/style>\n\t<\/div>\n\t\n<p>Tom Barnes est directeur mondial de la tra\u00e7abilit\u00e9 et des applications strat\u00e9giques chez Videojet. Il pilote des initiatives internationales de mise en \u0153uvre des codes 2D, telles que GS1 Sunrise, Amazon Transparency et la tra\u00e7abilit\u00e9 obligatoire ou volontaire. Tom participe activement \u00e0 des forums sectoriels et \u00e0 des tables rondes de fournisseurs de solutions pour aborder les enjeux et les opportunit\u00e9s li\u00e9s \u00e0 l&#039;adoption des codes 2D. Fort d&#039;une solide exp\u00e9rience en gestion de projet et en conformit\u00e9 r\u00e9glementaire acquise dans l&#039;industrie du tabac, il accompagne les entreprises dans l&#039;int\u00e9gration complexe des codes 2D \u00e0 leurs \u00e9cosyst\u00e8mes.<\/p>\n\t\t<\/div>\n\t<\/div>\n\t\n\t\n\t\t<\/div>\n\t\t\t\t\n<style>\n#col-1479487784 > .col-inner {\n  padding: 20px 0px 0px 0px;\n  margin: 0px 0px 0px 0px;\n}\n@media (min-width:550px) {\n  #col-1479487784 > .col-inner {\n    padding: 20px 10px 0px 10px;\n  }\n}\n<\/style>\n\t<\/div>\n\n\t\n<\/div>\n\t\t<\/div>\n\t\t\t\t\n<style>\n#col-278488666 > .col-inner {\n  padding: 30px 24px 30px 24px;\n  margin: 0px 0px 0px 0px;\n  border-radius: 16px;\n}\n@media (min-width:550px) {\n  #col-278488666 > .col-inner {\n    padding: 20px 30px 20px 30px;\n  }\n}\n<\/style>\n\t<\/div>\n\n\t\n\n\t<div id=\"col-444358540\" class=\"col medium-5 small-12 large-4\"  >\n\t\t\t\t<div class=\"col-inner text-center\" style=\"background-color:rgb(255,255,255);\" >\n\t\t\t\n\t<div class=\"is-border\"\n\t\tstyle=\"border-color:rgb(229, 232, 251);border-radius:16px;border-width:2px 2px 2px 2px;\">\n\t<\/div>\n\t\t\t\n<div class=\"row align-middle align-center\"  id=\"row-1537239539\">\n\n\t<div id=\"col-1885583861\" class=\"col small-12 large-12\"  >\n\t\t\t\t<div class=\"col-inner text-left\"  >\n\t\t\t\n\t\t\t\n\t<div id=\"text-614982064\" class=\"text\">\n\t\t\n<p class=\"sub-heading\">Haut-parleur externe<\/p>\n\t\t\n<style>\n#text-614982064 {\n  font-size: 1.15rem;\n  text-align: center;\n}\n<\/style>\n\t<\/div>\n\t\n\t<div id=\"gap-1399658789\" class=\"gap-element clearfix\" style=\"display:block; height:auto;\">\n\t\t\n<style>\n#gap-1399658789 {\n  padding-top: 10px;\n}\n<\/style>\n\t<\/div>\n\t\n\n\t\t<div class=\"icon-box featured-box icon-box-center text-center\"  >\n\t\t\t\t\t<div class=\"icon-box-img\" style=\"width: 178px\">\n\t\t\t\t<div class=\"icon\">\n\t\t\t\t\t<div class=\"icon-inner\" >\n\t\t\t\t\t\t<img loading=\"lazy\" decoding=\"async\" width=\"330\" height=\"333\" src=\"https:\/\/regask.com\/wp-content\/uploads\/2026\/08\/Dominic-Harris-330x333.avif\" class=\"attachment-medium size-medium\" alt=\"Dominic Harris\" srcset=\"https:\/\/regask.com\/wp-content\/uploads\/2026\/08\/Dominic-Harris-330x333.avif 330w, https:\/\/regask.com\/wp-content\/uploads\/2026\/08\/Dominic-Harris-12x12.avif 12w, https:\/\/regask.com\/wp-content\/uploads\/2026\/08\/Dominic-Harris.avif 505w\" sizes=\"auto, (max-width: 330px) 100vw, 330px\" \/>\t\t\t\t\t<\/div>\n\t\t\t\t<\/div>\n\t\t\t<\/div>\n\t\t\t\t<div class=\"icon-box-text last-reset\">\n\t\t\t\t\t\t\t\t\t\n<h3>Dominic Harris<\/h3>\n<p><span data-text-color=\"success\"><strong> Cofondateur de CarbonQuota<br \/>\n<\/strong><\/span><\/p>\n\t<div id=\"gap-1428052895\" class=\"gap-element clearfix\" style=\"display:block; height:auto;\">\n\t\t\n<style>\n#gap-1428052895 {\n  padding-top: 10px;\n}\n<\/style>\n\t<\/div>\n\t\n<div class=\"social-icons follow-icons\" style=\"font-size:129%\"><a href=\"https:\/\/www.linkedin.com\/in\/dominicharris\/\" data-label=\"LinkedIn\" target=\"_blank\" class=\"icon plain tooltip linkedin\" title=\"Nous suivons sur LinkedIn\" aria-label=\"Nous suivons sur LinkedIn\" rel=\"noopener nofollow\"><i class=\"icon-linkedin\" aria-hidden=\"true\"><\/i><\/a><\/div>\n\t<div id=\"gap-1412373475\" class=\"gap-element clearfix\" style=\"display:block; height:auto;\">\n\t\t\n<style>\n#gap-1412373475 {\n  padding-top: 10px;\n}\n<\/style>\n\t<\/div>\n\t\n<p>S&#039;appuyant sur trois piliers fondamentaux \u2013 la technologie, la science et une expertise sectorielle approfondie \u2013, Dominic et son \u00e9quipe ont r\u00e9volutionn\u00e9 la mani\u00e8re dont les entreprises mesurent leur impact environnemental. Leur plateforme innovante s&#039;int\u00e8gre parfaitement aux technologies existantes pour fournir des donn\u00e9es v\u00e9rifi\u00e9es et fiables, permettant aux organisations de prendre des mesures concr\u00e8tes pour le climat. Chez CarbonQuota, la vision de Dominic, qui vise \u00e0 favoriser un changement environnemental positif, a transform\u00e9 l&#039;approche du d\u00e9veloppement durable dans le secteur, rendant la gestion du carbone accessible et op\u00e9rationnelle pour les entreprises de toute la cha\u00eene d&#039;approvisionnement.<\/p>\n\t\t<\/div>\n\t<\/div>\n\t\n\t\n\t\t<\/div>\n\t\t\t\t\n<style>\n#col-1885583861 > .col-inner {\n  padding: 20px 0px 0px 0px;\n  margin: 0px 0px 0px 0px;\n}\n@media (min-width:550px) {\n  #col-1885583861 > .col-inner {\n    padding: 20px 10px 0px 10px;\n  }\n}\n<\/style>\n\t<\/div>\n\n\t\n<\/div>\n\t\t<\/div>\n\t\t\t\t\n<style>\n#col-444358540 > .col-inner {\n  padding: 30px 24px 30px 24px;\n  margin: 0px 0px 0px 0px;\n  border-radius: 16px;\n}\n@media (min-width:550px) {\n  #col-444358540 > .col-inner {\n    padding: 20px 30px 20px 30px;\n  }\n}\n<\/style>\n\t<\/div>\n\n\t\n\n\t<div id=\"col-1640210004\" class=\"col medium-5 small-12 large-4\"  >\n\t\t\t\t<div class=\"col-inner text-center\" style=\"background-color:rgb(255,255,255);\" >\n\t\t\t\n\t<div class=\"is-border\"\n\t\tstyle=\"border-color:rgb(229, 232, 251);border-radius:16px;border-width:2px 2px 2px 2px;\">\n\t<\/div>\n\t\t\t\n<div class=\"row align-middle align-center\"  id=\"row-764457531\">\n\n\t<div id=\"col-1501492791\" class=\"col small-12 large-12\"  >\n\t\t\t\t<div class=\"col-inner text-left\"  >\n\t\t\t\n\t\t\t\n\t<div id=\"text-1832535282\" class=\"text\">\n\t\t\n<p class=\"sub-heading\">Haut-parleur externe<\/p>\n\t\t\n<style>\n#text-1832535282 {\n  font-size: 1.15rem;\n  text-align: center;\n}\n<\/style>\n\t<\/div>\n\t\n\t<div id=\"gap-1177396179\" class=\"gap-element clearfix\" style=\"display:block; height:auto;\">\n\t\t\n<style>\n#gap-1177396179 {\n  padding-top: 10px;\n}\n<\/style>\n\t<\/div>\n\t\n\n\t\t<div class=\"icon-box featured-box icon-box-center text-center\"  >\n\t\t\t\t\t<div class=\"icon-box-img\" style=\"width: 178px\">\n\t\t\t\t<div class=\"icon\">\n\t\t\t\t\t<div class=\"icon-inner\" >\n\t\t\t\t\t\t<img loading=\"lazy\" decoding=\"async\" width=\"330\" height=\"333\" src=\"https:\/\/regask.com\/wp-content\/uploads\/2026\/08\/Johnny-Hobeika-330x333.avif\" class=\"attachment-medium size-medium\" alt=\"Johnny Hobeika\" srcset=\"https:\/\/regask.com\/wp-content\/uploads\/2026\/08\/Johnny-Hobeika-330x333.avif 330w, https:\/\/regask.com\/wp-content\/uploads\/2026\/08\/Johnny-Hobeika-12x12.avif 12w, https:\/\/regask.com\/wp-content\/uploads\/2026\/08\/Johnny-Hobeika.avif 505w\" sizes=\"auto, (max-width: 330px) 100vw, 330px\" \/>\t\t\t\t\t<\/div>\n\t\t\t\t<\/div>\n\t\t\t<\/div>\n\t\t\t\t<div class=\"icon-box-text last-reset\">\n\t\t\t\t\t\t\t\t\t\n<h3>Johnny Hobeika<\/h3>\n<p><span data-text-color=\"success\"><strong> Directeur g\u00e9n\u00e9ral, ePac Holdings Europe<br \/>\n<\/strong><\/span><\/p>\n\t<div id=\"gap-1340096560\" class=\"gap-element clearfix\" style=\"display:block; height:auto;\">\n\t\t\n<style>\n#gap-1340096560 {\n  padding-top: 10px;\n}\n<\/style>\n\t<\/div>\n\t\n<div class=\"social-icons follow-icons\" style=\"font-size:129%\"><a href=\"https:\/\/www.linkedin.com\/in\/johnny-hobeika-8bba1553\/\" data-label=\"LinkedIn\" target=\"_blank\" class=\"icon plain tooltip linkedin\" title=\"Nous suivons sur LinkedIn\" aria-label=\"Nous suivons sur LinkedIn\" rel=\"noopener nofollow\"><i class=\"icon-linkedin\" aria-hidden=\"true\"><\/i><\/a><\/div>\n\t<div id=\"gap-1064687432\" class=\"gap-element clearfix\" style=\"display:block; height:auto;\">\n\t\t\n<style>\n#gap-1064687432 {\n  padding-top: 10px;\n}\n<\/style>\n\t<\/div>\n\t\n<p>Johnny Hobeika, directeur g\u00e9n\u00e9ral d&#039;ePac Holdings Europe, propose aux marques europ\u00e9ennes l&#039;offre d&#039;ePac\u00a0: des emballages souples imprim\u00e9s num\u00e9riquement, disponibles rapidement pour les petites et moyennes s\u00e9ries. Fort de l&#039;exp\u00e9rience et du succ\u00e8s rencontr\u00e9s aux \u00c9tats-Unis sur diff\u00e9rents segments de march\u00e9, Johnny Hobeika, gr\u00e2ce \u00e0 ses vingt ans d&#039;exp\u00e9rience internationale dans l&#039;emballage souple, positionne la technologie \u00e9mergente d&#039;impression num\u00e9rique grand format comme une force de rupture qui transformera radicalement les habitudes d&#039;achat d&#039;emballages souples et la valeur ajout\u00e9e unique qu&#039;ils apportent aux marques de toutes tailles.<\/p>\n\t\t<\/div>\n\t<\/div>\n\t\n\t\n\t\t<\/div>\n\t\t\t\t\n<style>\n#col-1501492791 > .col-inner {\n  padding: 20px 0px 0px 0px;\n  margin: 0px 0px 0px 0px;\n}\n@media (min-width:550px) {\n  #col-1501492791 > .col-inner {\n    padding: 20px 10px 0px 10px;\n  }\n}\n<\/style>\n\t<\/div>\n\n\t\n<\/div>\n\t\t<\/div>\n\t\t\t\t\n<style>\n#col-1640210004 > .col-inner {\n  padding: 30px 24px 30px 24px;\n  margin: 0px 0px 0px 0px;\n  border-radius: 16px;\n}\n@media (min-width:550px) {\n  #col-1640210004 > .col-inner {\n    padding: 20px 30px 20px 30px;\n  }\n}\n<\/style>\n\t<\/div>\n\n\t\n\n\t<div id=\"col-553293983\" class=\"col medium-5 small-12 large-4\"  >\n\t\t\t\t<div class=\"col-inner text-center\" style=\"background-color:rgb(255,255,255);\" >\n\t\t\t\n\t<div class=\"is-border\"\n\t\tstyle=\"border-color:rgb(229, 232, 251);border-radius:16px;border-width:2px 2px 2px 2px;\">\n\t<\/div>\n\t\t\t\n<div class=\"row align-middle align-center\"  id=\"row-389447941\">\n\n\t<div id=\"col-20047933\" class=\"col small-12 large-12\"  >\n\t\t\t\t<div class=\"col-inner text-left\"  >\n\t\t\t\n\t\t\t\n\t<div id=\"text-1914733216\" class=\"text\">\n\t\t\n<p class=\"sub-heading\">Haut-parleur externe<\/p>\n\t\t\n<style>\n#text-1914733216 {\n  font-size: 1.15rem;\n  text-align: center;\n}\n<\/style>\n\t<\/div>\n\t\n\t<div id=\"gap-1223130882\" class=\"gap-element clearfix\" style=\"display:block; height:auto;\">\n\t\t\n<style>\n#gap-1223130882 {\n  padding-top: 10px;\n}\n<\/style>\n\t<\/div>\n\t\n\n\t\t<div class=\"icon-box featured-box icon-box-center text-center\"  >\n\t\t\t\t\t<div class=\"icon-box-img\" style=\"width: 178px\">\n\t\t\t\t<div class=\"icon\">\n\t\t\t\t\t<div class=\"icon-inner\" >\n\t\t\t\t\t\t<img loading=\"lazy\" decoding=\"async\" width=\"330\" height=\"333\" src=\"https:\/\/regask.com\/wp-content\/uploads\/2026\/08\/Stephan-Gortz-330x333.avif\" class=\"attachment-medium size-medium\" alt=\"Stephan G\u00f6rtz\" srcset=\"https:\/\/regask.com\/wp-content\/uploads\/2026\/08\/Stephan-Gortz-330x333.avif 330w, https:\/\/regask.com\/wp-content\/uploads\/2026\/08\/Stephan-Gortz-12x12.avif 12w, https:\/\/regask.com\/wp-content\/uploads\/2026\/08\/Stephan-Gortz.avif 505w\" sizes=\"auto, (max-width: 330px) 100vw, 330px\" \/>\t\t\t\t\t<\/div>\n\t\t\t\t<\/div>\n\t\t\t<\/div>\n\t\t\t\t<div class=\"icon-box-text last-reset\">\n\t\t\t\t\t\t\t\t\t\n<h3>Stephan G\u00f6rtz<\/h3>\n<p><span data-text-color=\"success\"><strong> Responsable du d\u00e9veloppement commercial, Laetus<br \/>\n<\/strong><\/span><\/p>\n\t<div id=\"gap-296549795\" class=\"gap-element clearfix\" style=\"display:block; height:auto;\">\n\t\t\n<style>\n#gap-296549795 {\n  padding-top: 10px;\n}\n<\/style>\n\t<\/div>\n\t\n<div class=\"social-icons follow-icons\" style=\"font-size:129%\"><a href=\"https:\/\/www.linkedin.com\/in\/stephan-g%C3%B6rtz-7559a2146\/\" data-label=\"LinkedIn\" target=\"_blank\" class=\"icon plain tooltip linkedin\" title=\"Nous suivons sur LinkedIn\" aria-label=\"Nous suivons sur LinkedIn\" rel=\"noopener nofollow\"><i class=\"icon-linkedin\" aria-hidden=\"true\"><\/i><\/a><\/div>\n\t<div id=\"gap-207282150\" class=\"gap-element clearfix\" style=\"display:block; height:auto;\">\n\t\t\n<style>\n#gap-207282150 {\n  padding-top: 10px;\n}\n<\/style>\n\t<\/div>\n\t\n<p>Stephan G\u00f6rtz est directeur du d\u00e9veloppement commercial chez Laetus, fournisseur reconnu de solutions d&#039;inspection qualit\u00e9 et de tra\u00e7abilit\u00e9. Lors de l&#039;\u00e9v\u00e9nement Esko, il repr\u00e9sentera Laetus en tant que partenaire technologique au sein de la solution globale d&#039;Esko, apportant son expertise pointue en mati\u00e8re de tra\u00e7abilit\u00e9, de s\u00e9rialisation et d&#039;identification des produits. Fort de son exp\u00e9rience dans le domaine de l&#039;emballage pharmaceutique, Laetus m\u00e8ne \u00e9galement avec succ\u00e8s des projets de tra\u00e7abilit\u00e9 en milieu industriel depuis une dizaine d&#039;ann\u00e9es. Dans ses fonctions, Stephan pilote la strat\u00e9gie produit de Laetus et accompagne le d\u00e9veloppement strat\u00e9gique de l&#039;entreprise sur un march\u00e9 dynamique et en constante \u00e9volution.<\/p>\n\t\t<\/div>\n\t<\/div>\n\t\n\t\n\t\t<\/div>\n\t\t\t\t\n<style>\n#col-20047933 > .col-inner {\n  padding: 20px 0px 0px 0px;\n  margin: 0px 0px 0px 0px;\n}\n@media (min-width:550px) {\n  #col-20047933 > .col-inner {\n    padding: 20px 10px 0px 10px;\n  }\n}\n<\/style>\n\t<\/div>\n\n\t\n<\/div>\n\t\t<\/div>\n\t\t\t\t\n<style>\n#col-553293983 > .col-inner {\n  padding: 30px 24px 30px 24px;\n  margin: 0px 0px 0px 0px;\n  border-radius: 16px;\n}\n@media (min-width:550px) {\n  #col-553293983 > .col-inner {\n    padding: 20px 30px 20px 30px;\n  }\n}\n<\/style>\n\t<\/div>\n\n\t\n\n\t<div id=\"col-565024785\" class=\"col medium-5 small-12 large-4\"  >\n\t\t\t\t<div class=\"col-inner text-center\" style=\"background-color:rgb(255,255,255);\" >\n\t\t\t\n\t<div class=\"is-border\"\n\t\tstyle=\"border-color:rgb(229, 232, 251);border-radius:16px;border-width:2px 2px 2px 2px;\">\n\t<\/div>\n\t\t\t\n<div class=\"row align-middle align-center\"  id=\"row-673145575\">\n\n\t<div id=\"col-1272877315\" class=\"col small-12 large-12\"  >\n\t\t\t\t<div class=\"col-inner text-left\"  >\n\t\t\t\n\t\t\t\n\t<div id=\"text-426231542\" class=\"text\">\n\t\t\n<p class=\"sub-heading\">Haut-parleur externe<\/p>\n\t\t\n<style>\n#text-426231542 {\n  font-size: 1.15rem;\n  text-align: center;\n}\n<\/style>\n\t<\/div>\n\t\n\t<div id=\"gap-1353381932\" class=\"gap-element clearfix\" style=\"display:block; height:auto;\">\n\t\t\n<style>\n#gap-1353381932 {\n  padding-top: 10px;\n}\n<\/style>\n\t<\/div>\n\t\n\n\t\t<div class=\"icon-box featured-box icon-box-center text-center\"  >\n\t\t\t\t\t<div class=\"icon-box-img\" style=\"width: 178px\">\n\t\t\t\t<div class=\"icon\">\n\t\t\t\t\t<div class=\"icon-inner\" >\n\t\t\t\t\t\t<img loading=\"lazy\" decoding=\"async\" width=\"330\" height=\"333\" src=\"https:\/\/regask.com\/wp-content\/uploads\/2026\/08\/Eddy-Peters-330x333.avif\" class=\"attachment-medium size-medium\" alt=\"Eddy Peters\" srcset=\"https:\/\/regask.com\/wp-content\/uploads\/2026\/08\/Eddy-Peters-330x333.avif 330w, https:\/\/regask.com\/wp-content\/uploads\/2026\/08\/Eddy-Peters-12x12.avif 12w, https:\/\/regask.com\/wp-content\/uploads\/2026\/08\/Eddy-Peters.avif 505w\" sizes=\"auto, (max-width: 330px) 100vw, 330px\" \/>\t\t\t\t\t<\/div>\n\t\t\t\t<\/div>\n\t\t\t<\/div>\n\t\t\t\t<div class=\"icon-box-text last-reset\">\n\t\t\t\t\t\t\t\t\t\n<h3>Eddy Peters<\/h3>\n<p><span data-text-color=\"success\"><strong> Directeur g\u00e9n\u00e9ral, io.tt<br \/>\n<\/strong><\/span><\/p>\n\t<div id=\"gap-839753318\" class=\"gap-element clearfix\" style=\"display:block; height:auto;\">\n\t\t\n<style>\n#gap-839753318 {\n  padding-top: 10px;\n}\n<\/style>\n\t<\/div>\n\t\n<div class=\"social-icons follow-icons\" style=\"font-size:129%\"><a href=\"https:\/\/www.linkedin.com\/in\/eddy-peters-94201360\/\" data-label=\"LinkedIn\" target=\"_blank\" class=\"icon plain tooltip linkedin\" title=\"Nous suivons sur LinkedIn\" aria-label=\"Nous suivons sur LinkedIn\" rel=\"noopener nofollow\"><i class=\"icon-linkedin\" aria-hidden=\"true\"><\/i><\/a><\/div>\n\t<div id=\"gap-1674493311\" class=\"gap-element clearfix\" style=\"display:block; height:auto;\">\n\t\t\n<style>\n#gap-1674493311 {\n  padding-top: 10px;\n}\n<\/style>\n\t<\/div>\n\t\n<p>Eddy est directeur g\u00e9n\u00e9ral d&#039;io.tt, une plateforme de produits connect\u00e9s qui g\u00e8re des milliards d&#039;interactions produits \u00e0 travers le monde. Il collabore avec des marques leaders des secteurs des biens de consommation courante, des boissons, des cosm\u00e9tiques et de la mode pour transformer leurs produits et emballages en exp\u00e9riences connect\u00e9es, les aidant ainsi \u00e0 s&#039;adapter aux r\u00e9glementations en constante \u00e9volution, telles que GS1 Digital Link, tout en cr\u00e9ant de la valeur gr\u00e2ce \u00e0 l&#039;engagement client, aux donn\u00e9es et \u00e0 la conformit\u00e9.<\/p>\n\t\t<\/div>\n\t<\/div>\n\t\n\t\n\t\t<\/div>\n\t\t\t\t\n<style>\n#col-1272877315 > .col-inner {\n  padding: 20px 0px 0px 0px;\n  margin: 0px 0px 0px 0px;\n}\n@media (min-width:550px) {\n  #col-1272877315 > .col-inner {\n    padding: 20px 10px 0px 10px;\n  }\n}\n<\/style>\n\t<\/div>\n\n\t\n<\/div>\n\t\t<\/div>\n\t\t\t\t\n<style>\n#col-565024785 > .col-inner {\n  padding: 30px 24px 30px 24px;\n  margin: 0px 0px 0px 0px;\n  border-radius: 16px;\n}\n@media (min-width:550px) {\n  #col-565024785 > .col-inner {\n    padding: 20px 30px 20px 30px;\n  }\n}\n<\/style>\n\t<\/div>\n\n\t\n\n\t<div id=\"col-1839648938\" class=\"col medium-5 small-12 large-4\"  >\n\t\t\t\t<div class=\"col-inner text-center\" style=\"background-color:rgb(255,255,255);\" >\n\t\t\t\n\t<div class=\"is-border\"\n\t\tstyle=\"border-color:rgb(229, 232, 251);border-radius:16px;border-width:2px 2px 2px 2px;\">\n\t<\/div>\n\t\t\t\n<div class=\"row align-middle align-center\"  id=\"row-1653819584\">\n\n\t<div id=\"col-1079329599\" class=\"col small-12 large-12\"  >\n\t\t\t\t<div class=\"col-inner text-left\"  >\n\t\t\t\n\t\t\t\n\t<div id=\"text-386380080\" class=\"text\">\n\t\t\n<p class=\"sub-heading\">Haut-parleur externe<\/p>\n\t\t\n<style>\n#text-386380080 {\n  font-size: 1.15rem;\n  text-align: center;\n}\n<\/style>\n\t<\/div>\n\t\n\t<div id=\"gap-2065240107\" class=\"gap-element clearfix\" style=\"display:block; height:auto;\">\n\t\t\n<style>\n#gap-2065240107 {\n  padding-top: 10px;\n}\n<\/style>\n\t<\/div>\n\t\n\n\t\t<div class=\"icon-box featured-box icon-box-center text-center\"  >\n\t\t\t\t\t<div class=\"icon-box-img\" style=\"width: 178px\">\n\t\t\t\t<div class=\"icon\">\n\t\t\t\t\t<div class=\"icon-inner\" >\n\t\t\t\t\t\t<img loading=\"lazy\" decoding=\"async\" width=\"330\" height=\"333\" src=\"https:\/\/regask.com\/wp-content\/uploads\/2026\/08\/Vivian-Loftin-330x333.avif\" class=\"attachment-medium size-medium\" alt=\"Vivian Loftin\" srcset=\"https:\/\/regask.com\/wp-content\/uploads\/2026\/08\/Vivian-Loftin-330x333.avif 330w, https:\/\/regask.com\/wp-content\/uploads\/2026\/08\/Vivian-Loftin-12x12.avif 12w, https:\/\/regask.com\/wp-content\/uploads\/2026\/08\/Vivian-Loftin.avif 505w\" sizes=\"auto, (max-width: 330px) 100vw, 330px\" \/>\t\t\t\t\t<\/div>\n\t\t\t\t<\/div>\n\t\t\t<\/div>\n\t\t\t\t<div class=\"icon-box-text last-reset\">\n\t\t\t\t\t\t\t\t\t\n<h3>Vivian Loftin<\/h3>\n<p><span data-text-color=\"success\"><strong> Co-fondatrice et directrice marketing de Recyda<br \/>\n<\/strong><\/span><\/p>\n\t<div id=\"gap-1181787602\" class=\"gap-element clearfix\" style=\"display:block; height:auto;\">\n\t\t\n<style>\n#gap-1181787602 {\n  padding-top: 10px;\n}\n<\/style>\n\t<\/div>\n\t\n<div class=\"social-icons follow-icons\" style=\"font-size:129%\"><a href=\"https:\/\/www.linkedin.com\/in\/vivian-loftin\/\" data-label=\"LinkedIn\" target=\"_blank\" class=\"icon plain tooltip linkedin\" title=\"Nous suivons sur LinkedIn\" aria-label=\"Nous suivons sur LinkedIn\" rel=\"noopener nofollow\"><i class=\"icon-linkedin\" aria-hidden=\"true\"><\/i><\/a><\/div>\n\t<div id=\"gap-1582034317\" class=\"gap-element clearfix\" style=\"display:block; height:auto;\">\n\t\t\n<style>\n#gap-1582034317 {\n  padding-top: 10px;\n}\n<\/style>\n\t<\/div>\n\t\n<p>Vivian Loftin est cofondatrice et directrice marketing de Recyda, une plateforme logicielle innovante qui simplifie la gestion de la conformit\u00e9 et du d\u00e9veloppement durable dans le secteur des emballages. Forte d&#039;une formation en \u00e9tudes culturelles et commerciales internationales, elle fait le lien entre communication strat\u00e9gique et \u00e9conomie circulaire.<\/p>\n\t\t<\/div>\n\t<\/div>\n\t\n\t\n\t\t<\/div>\n\t\t\t\t\n<style>\n#col-1079329599 > .col-inner {\n  padding: 20px 0px 0px 0px;\n  margin: 0px 0px 0px 0px;\n}\n@media (min-width:550px) {\n  #col-1079329599 > .col-inner {\n    padding: 20px 10px 0px 10px;\n  }\n}\n<\/style>\n\t<\/div>\n\n\t\n<\/div>\n\t\t<\/div>\n\t\t\t\t\n<style>\n#col-1839648938 > .col-inner {\n  padding: 30px 24px 30px 24px;\n  margin: 0px 0px 0px 0px;\n  border-radius: 16px;\n}\n@media (min-width:550px) {\n  #col-1839648938 > .col-inner {\n    padding: 20px 30px 20px 30px;\n  }\n}\n<\/style>\n\t<\/div>\n\n\t\n\n\t<div id=\"col-1922480975\" class=\"col medium-5 small-12 large-4\"  >\n\t\t\t\t<div class=\"col-inner text-center\" style=\"background-color:rgb(255,255,255);\" >\n\t\t\t\n\t<div class=\"is-border\"\n\t\tstyle=\"border-color:rgb(229, 232, 251);border-radius:16px;border-width:2px 2px 2px 2px;\">\n\t<\/div>\n\t\t\t\n<div class=\"row align-middle align-center\"  id=\"row-1902142172\">\n\n\t<div id=\"col-305364267\" class=\"col small-12 large-12\"  >\n\t\t\t\t<div class=\"col-inner text-left\"  >\n\t\t\t\n\t\t\t\n\t<div id=\"text-3736060483\" class=\"text\">\n\t\t\n<p class=\"sub-heading\">Mod\u00e9rateur<\/p>\n\t\t\n<style>\n#text-3736060483 {\n  font-size: 1.15rem;\n  text-align: center;\n}\n<\/style>\n\t<\/div>\n\t\n\t<div id=\"gap-209045271\" class=\"gap-element clearfix\" style=\"display:block; height:auto;\">\n\t\t\n<style>\n#gap-209045271 {\n  padding-top: 10px;\n}\n<\/style>\n\t<\/div>\n\t\n\n\t\t<div class=\"icon-box featured-box icon-box-center text-center\"  >\n\t\t\t\t\t<div class=\"icon-box-img\" style=\"width: 178px\">\n\t\t\t\t<div class=\"icon\">\n\t\t\t\t\t<div class=\"icon-inner\" >\n\t\t\t\t\t\t<img loading=\"lazy\" decoding=\"async\" width=\"330\" height=\"333\" src=\"https:\/\/regask.com\/wp-content\/uploads\/2026\/08\/Susie-Stitzel-330x333.avif\" class=\"attachment-medium size-medium\" alt=\"Susie Stitzel\" srcset=\"https:\/\/regask.com\/wp-content\/uploads\/2026\/08\/Susie-Stitzel-330x333.avif 330w, https:\/\/regask.com\/wp-content\/uploads\/2026\/08\/Susie-Stitzel-12x12.avif 12w, https:\/\/regask.com\/wp-content\/uploads\/2026\/08\/Susie-Stitzel.avif 505w\" sizes=\"auto, (max-width: 330px) 100vw, 330px\" \/>\t\t\t\t\t<\/div>\n\t\t\t\t<\/div>\n\t\t\t<\/div>\n\t\t\t\t<div class=\"icon-box-text last-reset\">\n\t\t\t\t\t\t\t\t\t\n<h3>Susie Stitzel<\/h3>\n<p><span data-text-color=\"success\"><strong> Directeur de la gestion des produits, Esko<br \/>\n<\/strong><\/span><\/p>\n\t<div id=\"gap-770521247\" class=\"gap-element clearfix\" style=\"display:block; height:auto;\">\n\t\t\n<style>\n#gap-770521247 {\n  padding-top: 10px;\n}\n<\/style>\n\t<\/div>\n\t\n\t<div id=\"gap-393052461\" class=\"gap-element clearfix\" style=\"display:block; height:auto;\">\n\t\t\n<style>\n#gap-393052461 {\n  padding-top: 10px;\n}\n<\/style>\n\t<\/div>\n\t\n<p>Susie poss\u00e8de plus de 25 ans d&#039;exp\u00e9rience dans les secteurs du design, de la pr\u00e9presse, de l&#039;impression et du conditionnement. Elle est d&#039;ailleurs totalement passionn\u00e9e par le conditionnement \u2013 \u00e0 tel point que sa famille refuse d\u00e9sormais de faire ses achats chez elle.<\/p>\n\t\t<\/div>\n\t<\/div>\n\t\n\t\n\t\t<\/div>\n\t\t\t\t\n<style>\n#col-305364267 > .col-inner {\n  padding: 20px 0px 0px 0px;\n  margin: 0px 0px 0px 0px;\n}\n@media (min-width:550px) {\n  #col-305364267 > .col-inner {\n    padding: 20px 10px 0px 10px;\n  }\n}\n<\/style>\n\t<\/div>\n\n\t\n<\/div>\n\t\t<\/div>\n\t\t\t\t\n<style>\n#col-1922480975 > .col-inner {\n  padding: 30px 24px 30px 24px;\n  margin: 0px 0px 0px 0px;\n  border-radius: 16px;\n}\n@media (min-width:550px) {\n  #col-1922480975 > .col-inner {\n    padding: 20px 30px 20px 30px;\n  }\n}\n<\/style>\n\t<\/div>\n\n\t\n<\/div>\n\t<div id=\"gap-757449408\" class=\"gap-element clearfix\" style=\"display:block; height:auto;\">\n\t\t\n<style>\n#gap-757449408 {\n  padding-top: 50px;\n}\n<\/style>\n\t<\/div>\n\t\n\t\t<\/div>\n\n\t\t\n<style>\n#section_1343952034 {\n  padding-top: 60px;\n  padding-bottom: 60px;\n  background-color: #ffffff;\n}\n<\/style>\n\t<\/section>\n\t\n\n\t<section class=\"section\" id=\"section_161030940\">\n\t\t<div class=\"section-bg fill\" >\n\t\t\t\t\t\t\t\t\t\n\t\t\t\n\n\t\t<\/div>\n\n\t\t\n\n\t\t<div class=\"section-content relative\">\n\t\t\t\n<div class=\"row align-equal align-center\"  id=\"row-527940070\">\n\n\t<div id=\"col-923129674\" class=\"col small-12 large-12\"  >\n\t\t\t\t<div class=\"col-inner text-left dark\"  >\n\t\t\t\n\t\t\t\n\t<div id=\"text-23538957\" class=\"text\">\n\t\t\n<p class=\"sub-heading\">Ordre du jour \u00b7 60 minutes<\/p>\n<h2>Comment se d\u00e9roule l&#039;heure<br \/>\n<\/h2>\n\t\t\n<style>\n#text-23538957 {\n  text-align: left;\n}\n<\/style>\n\t<\/div>\n\t\n\t<div id=\"gap-1193506549\" class=\"gap-element clearfix\" style=\"display:block; height:auto;\">\n\t\t\n<style>\n#gap-1193506549 {\n  padding-top: 30px;\n}\n<\/style>\n\t<\/div>\n\t\n\t<div id=\"stack-3595550413\" class=\"stack stack-row justify-start items-stretch\">\n\t\t\n\t<div id=\"text-949566775\" class=\"text\">\n\t\t\n<p class=\"sub-heading\">00:00<\/p>\n\t\t\n<style>\n#text-949566775 {\n  color: rgb(255,255,255);\n}\n#text-949566775 > * {\n  color: rgb(255,255,255);\n}\n<\/style>\n\t<\/div>\n\t\n\t<div id=\"text-1556417615\" class=\"text\">\n\t\t\n<h4>Bienvenue et pourquoi maintenant<\/h4>\n<p>La vague r\u00e9glementaire qui frappera l&#039;emballage en 2026-2028, en trois minutes.<\/p>\n\t\t\t<\/div>\n\t\n\t\t\n<style>\n#stack-3595550413 > * {\n  --stack-gap: 2rem;\n}\n@media (min-width:550px) {\n  #stack-3595550413 > * {\n    --stack-gap: 13.25rem;\n  }\n}\n<\/style>\n\t<\/div>\n\t\n<div class=\"is-divider divider clearfix\" style=\"margin-top:2em;margin-bottom:2em;max-width:100%;height:1px;background-color:rgb(132, 132, 132);\"><\/div>\n\t<div id=\"stack-3143853863\" class=\"stack stack-row justify-start items-stretch\">\n\t\t\n\t<div id=\"text-3915070486\" class=\"text\">\n\t\t\n<p class=\"sub-heading\">00:05<\/p>\n\t\t\n<style>\n#text-3915070486 {\n  color: rgb(255,255,255);\n}\n#text-3915070486 > * {\n  color: rgb(255,255,255);\n}\n<\/style>\n\t<\/div>\n\t\n\t<div id=\"text-4280920683\" class=\"text\">\n\t\t\n<h4>Calendrier de conformit\u00e9\u00a0: PPWR, SB54, GS1 Sunrise 2027 et DPP<\/h4>\n<p>Ce que chaque mandat exige concr\u00e8tement des \u00e9quipes d&#039;emballage, et les dates importantes.<\/p>\n\t\t\t<\/div>\n\t\n\t\t\n<style>\n#stack-3143853863 > * {\n  --stack-gap: 2rem;\n}\n@media (min-width:550px) {\n  #stack-3143853863 > * {\n    --stack-gap: 13.25rem;\n  }\n}\n<\/style>\n\t<\/div>\n\t\n<div class=\"is-divider divider clearfix\" style=\"margin-top:2em;margin-bottom:2em;max-width:100%;height:1px;background-color:rgb(132, 132, 132);\"><\/div>\n\t<div id=\"stack-2745792838\" class=\"stack stack-row justify-start items-stretch\">\n\t\t\n\t<div id=\"text-652955890\" class=\"text\">\n\t\t\n<p class=\"sub-heading\">00:20<\/p>\n\t\t\n<style>\n#text-652955890 {\n  color: rgb(255,255,255);\n}\n#text-652955890 > * {\n  color: rgb(255,255,255);\n}\n<\/style>\n\t<\/div>\n\t\n\t<div id=\"text-2986711896\" class=\"text\">\n\t\t\n<h4>La cha\u00eene de valeur connect\u00e9e, en direct<\/h4>\n<p>Du cahier des charges \u00e0 la cha\u00eene de production : l\u00e0 o\u00f9 la tra\u00e7abilit\u00e9, la s\u00e9rialisation et les donn\u00e9es graphiques s&#039;int\u00e8grent dans un flux de travail connect\u00e9.<\/p>\n\t\t\t<\/div>\n\t\n\t\t\n<style>\n#stack-2745792838 > * {\n  --stack-gap: 2rem;\n}\n@media (min-width:550px) {\n  #stack-2745792838 > * {\n    --stack-gap: 13.25rem;\n  }\n}\n<\/style>\n\t<\/div>\n\t\n<div class=\"is-divider divider clearfix\" style=\"margin-top:2em;margin-bottom:2em;max-width:100%;height:1px;background-color:rgb(132, 132, 132);\"><\/div>\n\t<div id=\"stack-3131453910\" class=\"stack stack-row justify-start items-stretch\">\n\t\t\n\t<div id=\"text-1791961555\" class=\"text\">\n\t\t\n<p class=\"sub-heading\">00:35<\/p>\n\t\t\n<style>\n#text-1791961555 {\n  color: rgb(255,255,255);\n}\n#text-1791961555 > * {\n  color: rgb(255,255,255);\n}\n<\/style>\n\t<\/div>\n\t\n\t<div id=\"text-267165022\" class=\"text\">\n\t\t\n<h4>L\u00e0 o\u00f9 la conformit\u00e9 rencontre la production<\/h4>\n<p>Examen conjoint : d\u00e9tecter un changement r\u00e9glementaire au stade de la conception plut\u00f4t qu&#039;au stade du rappel.<\/p>\n\t\t\t<\/div>\n\t\n\t\t\n<style>\n#stack-3131453910 > * {\n  --stack-gap: 2rem;\n}\n@media (min-width:550px) {\n  #stack-3131453910 > * {\n    --stack-gap: 13.25rem;\n  }\n}\n<\/style>\n\t<\/div>\n\t\n<div class=\"is-divider divider clearfix\" style=\"margin-top:2em;margin-bottom:2em;max-width:100%;height:1px;background-color:rgb(132, 132, 132);\"><\/div>\n\t<div id=\"stack-208304929\" class=\"stack stack-row justify-start items-stretch\">\n\t\t\n\t<div id=\"text-3412066276\" class=\"text\">\n\t\t\n<p class=\"sub-heading\">00:45<\/p>\n\t\t\n<style>\n#text-3412066276 {\n  color: rgb(255,255,255);\n}\n#text-3412066276 > * {\n  color: rgb(255,255,255);\n}\n<\/style>\n\t<\/div>\n\t\n\t<div id=\"text-2621893143\" class=\"text\">\n\t\t\n<h4>S\u00e9ance de questions-r\u00e9ponses en direct<\/h4>\n<p>Posez votre question la plus complexe en mati\u00e8re de conformit\u00e9. Les questions rest\u00e9es sans r\u00e9ponse feront l&#039;objet d&#039;un suivi \u00e9crit.<\/p>\n\t\t\t<\/div>\n\t\n\t\t\n<style>\n#stack-208304929 > * {\n  --stack-gap: 2rem;\n}\n@media (min-width:550px) {\n  #stack-208304929 > * {\n    --stack-gap: 13.25rem;\n  }\n}\n<\/style>\n\t<\/div>\n\t\n<div class=\"is-divider divider clearfix\" style=\"margin-top:2em;margin-bottom:2em;max-width:100%;height:1px;background-color:rgb(132, 132, 132);\"><\/div>\n<a href=\"#register\" class=\"button secondary is-large lowercase\" style=\"border-radius:5px;\">\n\t\t<span>R\u00e9servez votre place \u2192<\/span>\n\t<\/a>\n\n\t\t<\/div>\n\t\t\t\t\n<style>\n#col-923129674 > .col-inner {\n  padding: 30px 10px 0px 10px;\n}\n@media (min-width:550px) {\n  #col-923129674 > .col-inner {\n    padding: 0px 50px 0px 50px;\n  }\n}\n@media (min-width:850px) {\n  #col-923129674 > .col-inner {\n    padding: 60px 0px 0px 0px;\n  }\n}\n<\/style>\n\t<\/div>\n\n\t\n<\/div>\n\t\t<\/div>\n\n\t\t\n<style>\n#section_161030940 {\n  padding-top: 60px;\n  padding-bottom: 60px;\n  background-color: #000000;\n}\n<\/style>\n\t<\/section>\n\t\n\n\t<section class=\"section\" id=\"section_906647907\">\n\t\t<div class=\"section-bg fill\" >\n\t\t\t\t\t\t\t\t\t\n\t\t\t\n\n\t\t<\/div>\n\n\t\t\n\n\t\t<div class=\"section-content relative\">\n\t\t\t\n<span class=\"scroll-to\" data-label=\"Scroll to: #register\" data-bullet=\"false\" data-link=\"#register\" data-title=\"Register\"><a name=\"register\"><\/a><\/span>\n<div class=\"row align-center\"  id=\"row-1295194191\">\n\n\t<div id=\"col-109151175\" class=\"col medium-5 small-12 large-5\"  >\n\t\t\t\t<div class=\"col-inner\"  >\n\t\t\t\n\t\t\t\n\t<div id=\"text-2895375247\" class=\"text\">\n\t\t\n<p class=\"sub-heading\">Inscription<\/p>\n<h2>R\u00e9servez votre place<br \/>\n<\/h2>\n\t\t\n<style>\n#text-2895375247 {\n  text-align: left;\n}\n<\/style>\n\t<\/div>\n\t\n\t<div id=\"gap-398905266\" class=\"gap-element clearfix\" style=\"display:block; height:auto;\">\n\t\t\n<style>\n#gap-398905266 {\n  padding-top: 30px;\n}\n<\/style>\n\t<\/div>\n\t\n\n\t\t<div class=\"icon-box featured-box icon-box-left text-left\"  >\n\t\t\t\t\t<div class=\"icon-box-img\" style=\"width: 30px\">\n\t\t\t\t<div class=\"icon\">\n\t\t\t\t\t<div class=\"icon-inner\" >\n\t\t\t\t\t\t<img loading=\"lazy\" decoding=\"async\" width=\"50\" height=\"50\" src=\"https:\/\/regask.com\/wp-content\/uploads\/2026\/04\/Purple-Tick.png\" class=\"attachment-medium size-medium\" alt=\"Tique violette\" srcset=\"https:\/\/regask.com\/wp-content\/uploads\/2026\/04\/Purple-Tick.png 50w, https:\/\/regask.com\/wp-content\/uploads\/2026\/04\/Purple-Tick-12x12.png 12w\" sizes=\"auto, (max-width: 50px) 100vw, 50px\" \/>\t\t\t\t\t<\/div>\n\t\t\t\t<\/div>\n\t\t\t<\/div>\n\t\t\t\t<div class=\"icon-box-text last-reset\">\n\t\t\t\t\t\t\t\t\t\n\t<div id=\"gap-927373334\" class=\"gap-element clearfix\" style=\"display:block; height:auto;\">\n\t\t\n<style>\n#gap-927373334 {\n  padding-top: 5px;\n}\n<\/style>\n\t<\/div>\n\t\n<p>Session en direct de 60 minutes avec les experts d&#039;Esko et du RegASK<\/p>\n\t\t<\/div>\n\t<\/div>\n\t\n\t\n\n\t\t<div class=\"icon-box featured-box icon-box-left text-left\"  >\n\t\t\t\t\t<div class=\"icon-box-img\" style=\"width: 30px\">\n\t\t\t\t<div class=\"icon\">\n\t\t\t\t\t<div class=\"icon-inner\" >\n\t\t\t\t\t\t<img loading=\"lazy\" decoding=\"async\" width=\"50\" height=\"50\" src=\"https:\/\/regask.com\/wp-content\/uploads\/2026\/04\/Purple-Tick.png\" class=\"attachment-medium size-medium\" alt=\"Tique violette\" srcset=\"https:\/\/regask.com\/wp-content\/uploads\/2026\/04\/Purple-Tick.png 50w, https:\/\/regask.com\/wp-content\/uploads\/2026\/04\/Purple-Tick-12x12.png 12w\" sizes=\"auto, (max-width: 50px) 100vw, 50px\" \/>\t\t\t\t\t<\/div>\n\t\t\t\t<\/div>\n\t\t\t<\/div>\n\t\t\t\t<div class=\"icon-box-text last-reset\">\n\t\t\t\t\t\t\t\t\t\n\t<div id=\"gap-683984732\" class=\"gap-element clearfix\" style=\"display:block; height:auto;\">\n\t\t\n<style>\n#gap-683984732 {\n  padding-top: 5px;\n}\n<\/style>\n\t<\/div>\n\t\n<p>Enregistrement et diapositives envoy\u00e9s \u00e0 chaque inscrit<\/p>\n\t\t<\/div>\n\t<\/div>\n\t\n\t\n\n\t\t<div class=\"icon-box featured-box icon-box-left text-left\"  >\n\t\t\t\t\t<div class=\"icon-box-img\" style=\"width: 30px\">\n\t\t\t\t<div class=\"icon\">\n\t\t\t\t\t<div class=\"icon-inner\" >\n\t\t\t\t\t\t<img loading=\"lazy\" decoding=\"async\" width=\"50\" height=\"50\" src=\"https:\/\/regask.com\/wp-content\/uploads\/2026\/04\/Purple-Tick.png\" class=\"attachment-medium size-medium\" alt=\"Tique violette\" srcset=\"https:\/\/regask.com\/wp-content\/uploads\/2026\/04\/Purple-Tick.png 50w, https:\/\/regask.com\/wp-content\/uploads\/2026\/04\/Purple-Tick-12x12.png 12w\" sizes=\"auto, (max-width: 50px) 100vw, 50px\" \/>\t\t\t\t\t<\/div>\n\t\t\t\t<\/div>\n\t\t\t<\/div>\n\t\t\t\t<div class=\"icon-box-text last-reset\">\n\t\t\t\t\t\t\t\t\t\n\t<div id=\"gap-1080095530\" class=\"gap-element clearfix\" style=\"display:block; height:auto;\">\n\t\t\n<style>\n#gap-1080095530 {\n  padding-top: 5px;\n}\n<\/style>\n\t<\/div>\n\t\n<p>\u00c0 retenir\u00a0: liste de contr\u00f4le de pr\u00e9paration \u00e0 la conformit\u00e9 des emballages (PPWR \u00b7 SB54 \u00b7 GS1 2027 \u00b7 DPP)<\/p>\n\t\t<\/div>\n\t<\/div>\n\t\n\t\n\n\t\t<div class=\"icon-box featured-box icon-box-left text-left\"  >\n\t\t\t\t\t<div class=\"icon-box-img\" style=\"width: 30px\">\n\t\t\t\t<div class=\"icon\">\n\t\t\t\t\t<div class=\"icon-inner\" >\n\t\t\t\t\t\t<img loading=\"lazy\" decoding=\"async\" width=\"50\" height=\"50\" src=\"https:\/\/regask.com\/wp-content\/uploads\/2026\/04\/Purple-Tick.png\" class=\"attachment-medium size-medium\" alt=\"Tique violette\" srcset=\"https:\/\/regask.com\/wp-content\/uploads\/2026\/04\/Purple-Tick.png 50w, https:\/\/regask.com\/wp-content\/uploads\/2026\/04\/Purple-Tick-12x12.png 12w\" sizes=\"auto, (max-width: 50px) 100vw, 50px\" \/>\t\t\t\t\t<\/div>\n\t\t\t\t<\/div>\n\t\t\t<\/div>\n\t\t\t\t<div class=\"icon-box-text last-reset\">\n\t\t\t\t\t\t\t\t\t\n\t<div id=\"gap-1158614232\" class=\"gap-element clearfix\" style=\"display:block; height:auto;\">\n\t\t\n<style>\n#gap-1158614232 {\n  padding-top: 5px;\n}\n<\/style>\n\t<\/div>\n\t\n<p>S\u00e9ance de questions-r\u00e9ponses en direct \u2014 et r\u00e9ponses \u00e9crites \u00e0 toutes les questions que nous n&#039;aurons pas le temps d&#039;aborder.<\/p>\n\t\t<\/div>\n\t<\/div>\n\t\n\t\n\t\t<\/div>\n\t\t\t\t\n<style>\n#col-109151175 > .col-inner {\n  padding: 60px 30px 0px 0px;\n}\n<\/style>\n\t<\/div>\n\n\t\n\n\t<div id=\"col-26340203\" class=\"col medium-7 small-12 large-7\"  >\n\t\t\t\t<div class=\"col-inner\"  >\n\t\t\t\n\t\t\t\n\n<div class=\"ls-embed\">\n  <iframe\n    src=\"https:\/\/app.livestorm.co\/esko-3\/from-design-to-production-line-the-future-of-the-packaging-value-chain?utm_source=regask&#038;utm_medium=social&#038;utm_campaign=interpackwebinar\"\n    title=\"Inscription au webinaire\u00a0: De la conception \u00e0 la production\u00a0: l\u2019avenir de la cha\u00eene de valeur de l\u2019emballage\"\n    loading=\"lazy\"\n    allow=\"camera; microphone; autoplay; fullscreen; display-capture\"\n    referrerpolicy=\"strict-origin-when-cross-origin\"><br \/>\n  <\/iframe>\n<\/div>\n<style>\n  .ls-embed {\n    position: relative;\n    width: 100%;\n    max-width: 700px;\n    margin: 0 auto;\n    overflow: hidden;      \/* this is what \"crops\" it *\/\n    border-radius: 16px;\n    height: 640px;         \/* desktop: title + countdown + register form *\/\n  }\n  .ls-embed iframe {\n    position: absolute;\n    top: -40px;            \/* trims the \"Esko invites you to their event\" line *\/\n    left: 0;\n    width: 100%;\n    height: 900px;         \/* taller than the crop window on purpose *\/\n    border: 0;\n  }\n  @media (max-width: 600px) {\n    .ls-embed { height: 760px; }     \/* mobile stacks fields, needs more height *\/\n    .ls-embed iframe { height: 1100px; }\n  }\n<\/style>\n\n\t\t<\/div>\n\t\t\t\t\n<style>\n#col-26340203 > .col-inner {\n  padding: 60px 0px 60px 0px;\n}\n<\/style>\n\t<\/div>\n\n\t\n<\/div>\n\t\t<\/div>\n\n\t\t\n<style>\n#section_906647907 {\n  padding-top: 30px;\n  padding-bottom: 30px;\n  background-color: #ffffff;\n}\n<\/style>\n\t<\/section>\n\t\n\n\t<section class=\"section dark\" id=\"section_604612308\">\n\t\t<div class=\"section-bg fill\" >\n\t\t\t\t\t\t\t\t\t\n\t\t\t\n\n\t\t<\/div>\n\n\t\t\n\n\t\t<div class=\"section-content relative\">\n\t\t\t\n<div class=\"row\"  id=\"row-929526035\">\n\n\t<div id=\"col-1392648434\" class=\"col small-12 large-12\"  >\n\t\t\t\t<div class=\"col-inner text-left\"  >\n\t\t\t\n\t\t\t\n\t<div id=\"text-2094075944\" class=\"text\">\n\t\t\n<p class=\"sub-heading\">Qui devrait participer<\/p>\n<h2>Con\u00e7u pour les \u00e9quipes responsables de la conformit\u00e9 des emballages<\/h2>\n\t\t\n<style>\n#text-2094075944 {\n  text-align: left;\n}\n<\/style>\n\t<\/div>\n\t\n\t<div id=\"text-2000912197\" class=\"text\">\n\t\t\n<p>Quatre points pratiques \u00e0 retenir que vous pourrez partager d\u00e8s le lendemain matin avec vos \u00e9quipes charg\u00e9es de l&#039;emballage, de la r\u00e9glementation et du d\u00e9veloppement durable.<\/p>\n\t\t\n<style>\n#text-2000912197 {\n  text-align: left;\n}\n<\/style>\n\t<\/div>\n\t\n\t<div id=\"gap-1302814039\" class=\"gap-element clearfix\" style=\"display:block; height:auto;\">\n\t\t\n<style>\n#gap-1302814039 {\n  padding-top: 20px;\n}\n<\/style>\n\t<\/div>\n\t\n<div class=\"row row-large align-equal align-center\"  id=\"row-504391710\">\n\n\t<div id=\"col-1087152280\" class=\"col medium-6 small-12 large-6\"  >\n\t\t\t\t<div class=\"col-inner box-shadow-2\" style=\"background-color:#ffffff;\" >\n\t\t\t\n\t\t\t\n\t<div id=\"text-2744127724\" class=\"text\">\n\t\t\n<p class=\"sub-heading\">Esko apporte<\/p>\n\t\t\n<style>\n#text-2744127724 {\n  font-size: 3.3rem;\n  text-align: left;\n  color: #918ad7;\n}\n#text-2744127724 > * {\n  color: #918ad7;\n}\n<\/style>\n\t<\/div>\n\t\n\t<div id=\"text-3389545889\" class=\"text\">\n\t\t\n<h3>La cha\u00eene de valeur de l&#039;emballage connect\u00e9<\/h3>\n\t\t\n<style>\n#text-3389545889 {\n  text-align: left;\n  color: #0a2342;\n}\n#text-3389545889 > * {\n  color: #0a2342;\n}\n<\/style>\n\t<\/div>\n\t\n\t<div id=\"gap-1568819951\" class=\"gap-element clearfix\" style=\"display:block; height:auto;\">\n\t\t\n<style>\n#gap-1568819951 {\n  padding-top: 20px;\n}\n<\/style>\n\t<\/div>\n\t\n\t<div id=\"text-3220459016\" class=\"text\">\n\t\t\n<p>Les logiciels et le mat\u00e9riel qui g\u00e8rent la conception des emballages, la gestion des illustrations et la production pour les plus grandes marques mondiales, le flux de travail o\u00f9 les d\u00e9cisions de conformit\u00e9 se transforment en emballages physiques.<\/p>\n\t\t\n<style>\n#text-3220459016 {\n  text-align: left;\n  color: #0a2342;\n}\n#text-3220459016 > * {\n  color: #0a2342;\n}\n<\/style>\n\t<\/div>\n\t\n\t\t<\/div>\n\t\t\t\t\n<style>\n#col-1087152280 > .col-inner {\n  padding: 30px 24px 20px 24px;\n  border-radius: 12px;\n}\n@media (min-width:550px) {\n  #col-1087152280 > .col-inner {\n    padding: 30px 35px 15px 35px;\n  }\n}\n<\/style>\n\t<\/div>\n\n\t\n\n\t<div id=\"col-743497083\" class=\"col medium-6 small-12 large-6\"  >\n\t\t\t\t<div class=\"col-inner box-shadow-2\" style=\"background-color:#ffffff;\" >\n\t\t\t\n\t\t\t\n\t<div id=\"text-2511786399\" class=\"text\">\n\t\t\n<p class=\"sub-heading\">RegASK apporte<\/p>\n\t\t\n<style>\n#text-2511786399 {\n  font-size: 3.3rem;\n  text-align: left;\n  color: #918ad7;\n}\n#text-2511786399 > * {\n  color: #918ad7;\n}\n<\/style>\n\t<\/div>\n\t\n\t<div id=\"text-2985290967\" class=\"text\">\n\t\t\n<h3>Intelligence r\u00e9glementaire de l&#039;IA agentique<\/h3>\n\t\t\n<style>\n#text-2985290967 {\n  text-align: left;\n  color: #0a2342;\n}\n#text-2985290967 > * {\n  color: #0a2342;\n}\n<\/style>\n\t<\/div>\n\t\n\t<div id=\"gap-1613544995\" class=\"gap-element clearfix\" style=\"display:block; height:auto;\">\n\t\t\n<style>\n#gap-1613544995 {\n  padding-top: 20px;\n}\n<\/style>\n\t<\/div>\n\t\n\t<div id=\"text-2462404855\" class=\"text\">\n\t\t\n<p>RegGenius surveille et interpr\u00e8te les changements r\u00e9glementaires sur plus de 190 march\u00e9s\u00a0: PPWR, SB54, GS1 Sunrise 2027, DPP, et les transforme en alertes et actions au sein des flux de travail que vos \u00e9quipes utilisent d\u00e9j\u00e0.<\/p>\n\t\t\n<style>\n#text-2462404855 {\n  text-align: left;\n  color: #0a2342;\n}\n#text-2462404855 > * {\n  color: #0a2342;\n}\n<\/style>\n\t<\/div>\n\t\n\t\t<\/div>\n\t\t\t\t\n<style>\n#col-743497083 > .col-inner {\n  padding: 30px 24px 20px 24px;\n  border-radius: 12px;\n}\n@media (min-width:550px) {\n  #col-743497083 > .col-inner {\n    padding: 30px 35px 15px 35px;\n  }\n}\n<\/style>\n\t<\/div>\n\n\t\n<\/div>\n\t\t<\/div>\n\t\t\t\t\n<style>\n#col-1392648434 > .col-inner {\n  padding: 30px 10px 0px 10px;\n}\n@media (min-width:550px) {\n  #col-1392648434 > .col-inner {\n    padding: 0px 50px 0px 50px;\n  }\n}\n@media (min-width:850px) {\n  #col-1392648434 > .col-inner {\n    padding: 60px 0px 0px 0px;\n  }\n}\n<\/style>\n\t<\/div>\n\n\t\n\n<style>\n#row-929526035 > .col > .col-inner {\n  padding: 60px 0px 0px 0px;\n}\n<\/style>\n<\/div>\n\t\t<\/div>\n\n\t\t\n<style>\n#section_604612308 {\n  padding-top: 30px;\n  padding-bottom: 30px;\n  background-color: #000000;\n}\n<\/style>\n\t<\/section>","protected":false},"excerpt":{"rendered":"","protected":false},"author":32,"featured_media":10350,"parent":0,"menu_order":0,"comment_status":"closed","ping_status":"closed","template":"page-transparent-header-light.php","meta":{"_acf_changed":false,"footnotes":""},"class_list":["post-10328","page","type-page","status-publish","has-post-thumbnail","hentry"],"acf":[],"yoast_head":"<!-- This site is optimized with the Yoast SEO Premium plugin v28.3 (Yoast SEO v28.4) - https:\/\/yoast.com\/product\/yoast-seo-premium-wordpress\/ -->\n<title>RegASK joins Esko&#039;s From Design to Production Line Webinar<\/title>\n<meta name=\"description\" content=\"RegASK joins Esko Partnership Webinar on September 10, 2026. Watch Rohit Gulati take part in the discussion panel on AI-driven packaging compliance, covering PPWR, GS1 Sunrise 2027, Digital Product Passports, and regulatory readiness across global markets.\" \/>\n<meta name=\"robots\" content=\"index, follow, max-snippet:-1, max-image-preview:large, max-video-preview:-1\" \/>\n<link rel=\"canonical\" href=\"https:\/\/regask.com\/fr\/webinaire-esko-de-la-conception-a-la-production-lavenir-de-la-chaine-de-valeur-de-lemballage\/\" \/>\n<meta property=\"og:locale\" content=\"fr_FR\" \/>\n<meta property=\"og:type\" content=\"article\" \/>\n<meta property=\"og:title\" content=\"Esko Webinar | From Design to Production Line: The Future of the Packaging Value Chain\" \/>\n<meta property=\"og:description\" content=\"RegASK joins Esko Partnership Webinar on September 10, 2026. Watch Rohit Gulati take part in the discussion panel on AI-driven packaging compliance, covering PPWR, GS1 Sunrise 2027, Digital Product Passports, and regulatory readiness across global markets.\" \/>\n<meta property=\"og:url\" content=\"https:\/\/regask.com\/fr\/webinaire-esko-de-la-conception-a-la-production-lavenir-de-la-chaine-de-valeur-de-lemballage\/\" \/>\n<meta property=\"og:site_name\" content=\"RegASK\" \/>\n<meta property=\"article:publisher\" content=\"https:\/\/www.facebook.com\/RegASKRegulatoryAffairs\/\" \/>\n<meta property=\"article:modified_time\" content=\"2026-08-17T05:43:57+00:00\" \/>\n<meta property=\"og:image\" content=\"https:\/\/regask.com\/wp-content\/uploads\/2024\/07\/RegASK-Logo-White-Square-1.png\" \/>\n\t<meta property=\"og:image:width\" content=\"1212\" \/>\n\t<meta property=\"og:image:height\" content=\"1212\" \/>\n\t<meta property=\"og:image:type\" content=\"image\/png\" \/>\n<meta name=\"twitter:card\" content=\"summary_large_image\" \/>\n<meta name=\"twitter:site\" content=\"@ASKRegASK\" \/>\n<meta name=\"twitter:label1\" content=\"Est. reading time\" \/>\n\t<meta name=\"twitter:data1\" content=\"4 minutes\" \/>\n<script type=\"application\/ld+json\" class=\"yoast-schema-graph\">{\"@context\":\"https:\\\/\\\/schema.org\",\"@graph\":[{\"@type\":\"WebPage\",\"@id\":\"https:\\\/\\\/regask.com\\\/esko-webinar-from-design-to-production-line-the-future-of-the-packaging-value-chain\\\/\",\"url\":\"https:\\\/\\\/regask.com\\\/esko-webinar-from-design-to-production-line-the-future-of-the-packaging-value-chain\\\/\",\"name\":\"RegASK joins Esko's From Design to Production Line Webinar\",\"isPartOf\":{\"@id\":\"https:\\\/\\\/regask.com\\\/#website\"},\"primaryImageOfPage\":{\"@id\":\"https:\\\/\\\/regask.com\\\/esko-webinar-from-design-to-production-line-the-future-of-the-packaging-value-chain\\\/#primaryimage\"},\"image\":{\"@id\":\"https:\\\/\\\/regask.com\\\/esko-webinar-from-design-to-production-line-the-future-of-the-packaging-value-chain\\\/#primaryimage\"},\"thumbnailUrl\":\"https:\\\/\\\/regask.com\\\/wp-content\\\/uploads\\\/2026\\\/06\\\/RegASK-Esko-Videojet-Webinar-2026-1.png\",\"datePublished\":\"2026-06-29T08:19:02+00:00\",\"dateModified\":\"2026-08-17T05:43:57+00:00\",\"description\":\"RegASK joins Esko Partnership Webinar on September 10, 2026. Watch Rohit Gulati take part in the discussion panel on AI-driven packaging compliance, covering PPWR, GS1 Sunrise 2027, Digital Product Passports, and regulatory readiness across global markets.\",\"inLanguage\":\"fr-FR\",\"potentialAction\":[{\"@type\":\"ReadAction\",\"target\":[\"https:\\\/\\\/regask.com\\\/esko-webinar-from-design-to-production-line-the-future-of-the-packaging-value-chain\\\/\"]}]},{\"@type\":\"ImageObject\",\"inLanguage\":\"fr-FR\",\"@id\":\"https:\\\/\\\/regask.com\\\/esko-webinar-from-design-to-production-line-the-future-of-the-packaging-value-chain\\\/#primaryimage\",\"url\":\"https:\\\/\\\/regask.com\\\/wp-content\\\/uploads\\\/2026\\\/06\\\/RegASK-Esko-Videojet-Webinar-2026-1.png\",\"contentUrl\":\"https:\\\/\\\/regask.com\\\/wp-content\\\/uploads\\\/2026\\\/06\\\/RegASK-Esko-Videojet-Webinar-2026-1.png\",\"width\":800,\"height\":800,\"caption\":\"Regask Esko Videojet Webinar 2026\"},{\"@type\":\"WebSite\",\"@id\":\"https:\\\/\\\/regask.com\\\/#website\",\"url\":\"https:\\\/\\\/regask.com\\\/\",\"name\":\"RegASK\",\"description\":\"The Regulatory AI Operating System for High-Performing Teams\",\"publisher\":{\"@id\":\"https:\\\/\\\/regask.com\\\/#organization\"},\"potentialAction\":[{\"@type\":\"SearchAction\",\"target\":{\"@type\":\"EntryPoint\",\"urlTemplate\":\"https:\\\/\\\/regask.com\\\/?s={search_term_string}\"},\"query-input\":{\"@type\":\"PropertyValueSpecification\",\"valueRequired\":true,\"valueName\":\"search_term_string\"}}],\"inLanguage\":\"fr-FR\"},{\"@type\":\"Organization\",\"@id\":\"https:\\\/\\\/regask.com\\\/#organization\",\"name\":\"RegASK\",\"url\":\"https:\\\/\\\/regask.com\\\/\",\"logo\":{\"@type\":\"ImageObject\",\"inLanguage\":\"fr-FR\",\"@id\":\"https:\\\/\\\/regask.com\\\/#\\\/schema\\\/logo\\\/image\\\/\",\"url\":\"https:\\\/\\\/regask.com\\\/wp-content\\\/uploads\\\/2024\\\/10\\\/RegASK-Logo-Dark-Round.png\",\"contentUrl\":\"https:\\\/\\\/regask.com\\\/wp-content\\\/uploads\\\/2024\\\/10\\\/RegASK-Logo-Dark-Round.png\",\"width\":401,\"height\":401,\"caption\":\"RegASK\"},\"image\":{\"@id\":\"https:\\\/\\\/regask.com\\\/#\\\/schema\\\/logo\\\/image\\\/\"},\"sameAs\":[\"https:\\\/\\\/www.facebook.com\\\/RegASKRegulatoryAffairs\\\/\",\"https:\\\/\\\/x.com\\\/ASKRegASK\",\"https:\\\/\\\/www.linkedin.com\\\/company\\\/RegASK\\\/\",\"https:\\\/\\\/www.youtube.com\\\/@RegASK\",\"https:\\\/\\\/www.crunchbase.com\\\/organization\\\/regask\",\"https:\\\/\\\/www.bloomberg.com\\\/profile\\\/company\\\/1691237D:SP\",\"https:\\\/\\\/pitchbook.com\\\/profiles\\\/company\\\/265004-02\",\"https:\\\/\\\/www.cbinsights.com\\\/company\\\/RegASK\",\"https:\\\/\\\/vimeo.com\\\/RegASK\"],\"legalName\":\"RegASK PTE. LTD.\",\"foundingDate\":\"2018\",\"slogan\":\"Empowering Smarter Regulatory Decisions\",\"description\":\"Agentic AI regulatory intelligence and workflow orchestration platform for Life Sciences and Consumer Products. RegASK combines vertical LLMs, multi-agent AI architecture, and a global community of 1,800+ subject matter experts to deliver regulatory horizon scanning, impact analysis, compliance workflow automation, and audit-ready outputs across 160+ countries.\",\"areaServed\":\"Worldwide\",\"founder\":{\"@type\":\"Person\",\"name\":\"Caroline Shleifer\",\"jobTitle\":\"Founder & CEO\"},\"address\":{\"@type\":\"PostalAddress\",\"streetAddress\":\"79 Science Park Drive, #06-01, Cintech IV\",\"addressLocality\":\"Singapore\",\"postalCode\":\"118264\",\"addressCountry\":\"SG\"},\"contactPoint\":{\"@type\":\"ContactPoint\",\"telephone\":\"+65 6817 6290\",\"contactType\":\"customer service\",\"availableLanguage\":[\"English\",\"French\",\"Japanese\",\"Spanish\",\"Chinese\",\"German\"]},\"numberOfEmployees\":{\"@type\":\"QuantitativeValue\",\"minValue\":50,\"maxValue\":100},\"knowsAbout\":[\"Regulatory Intelligence\",\"Regulatory Compliance\",\"Regulatory Affairs\",\"Workflow Orchestration\",\"Life Sciences Regulation\",\"Consumer Products Regulation\",\"AI-Driven Compliance\"],\"hasCertification\":[{\"@type\":\"Certification\",\"name\":\"ISO\\\/IEC 42001:2023\"},{\"@type\":\"Certification\",\"name\":\"ISO\\\/IEC 27001:2022\"},{\"@type\":\"Certification\",\"name\":\"ISO\\\/IEC 27701\"},{\"@type\":\"Certification\",\"name\":\"ISO\\\/IEC 27018:2019\"},{\"@type\":\"Certification\",\"name\":\"SOC 2 Type II\"}]}]}<\/script>\n<!-- \/ Yoast SEO Premium plugin. -->","yoast_head_json":{"title":"RegASK participe au webinaire d&#039;Esko \u00ab De la conception \u00e0 la production \u00bb","description":"RegASK participe au webinaire Esko Partnership le 10 septembre 2026. Regardez Rohit Gulati participer \u00e0 la table ronde sur la conformit\u00e9 des emballages pilot\u00e9e par l&#039;IA, couvrant PPWR, GS1 Sunrise 2027, les passeports num\u00e9riques des produits et la pr\u00e9paration r\u00e9glementaire sur les march\u00e9s mondiaux.","robots":{"index":"index","follow":"follow","max-snippet":"max-snippet:-1","max-image-preview":"max-image-preview:large","max-video-preview":"max-video-preview:-1"},"canonical":"https:\/\/regask.com\/fr\/webinaire-esko-de-la-conception-a-la-production-lavenir-de-la-chaine-de-valeur-de-lemballage\/","og_locale":"fr_FR","og_type":"article","og_title":"Esko Webinar | From Design to Production Line: The Future of the Packaging Value Chain","og_description":"RegASK joins Esko Partnership Webinar on September 10, 2026. Watch Rohit Gulati take part in the discussion panel on AI-driven packaging compliance, covering PPWR, GS1 Sunrise 2027, Digital Product Passports, and regulatory readiness across global markets.","og_url":"https:\/\/regask.com\/fr\/webinaire-esko-de-la-conception-a-la-production-lavenir-de-la-chaine-de-valeur-de-lemballage\/","og_site_name":"RegASK","article_publisher":"https:\/\/www.facebook.com\/RegASKRegulatoryAffairs\/","article_modified_time":"2026-08-17T05:43:57+00:00","og_image":[{"width":1212,"height":1212,"url":"https:\/\/regask.com\/wp-content\/uploads\/2024\/07\/RegASK-Logo-White-Square-1.png","type":"image\/png"}],"twitter_card":"summary_large_image","twitter_site":"@ASKRegASK","twitter_misc":{"Est. reading time":"4 minutes"},"schema":{"@context":"https:\/\/schema.org","@graph":[{"@type":"WebPage","@id":"https:\/\/regask.com\/esko-webinar-from-design-to-production-line-the-future-of-the-packaging-value-chain\/","url":"https:\/\/regask.com\/esko-webinar-from-design-to-production-line-the-future-of-the-packaging-value-chain\/","name":"RegASK participe au webinaire d&#039;Esko \u00ab De la conception \u00e0 la production \u00bb","isPartOf":{"@id":"https:\/\/regask.com\/#website"},"primaryImageOfPage":{"@id":"https:\/\/regask.com\/esko-webinar-from-design-to-production-line-the-future-of-the-packaging-value-chain\/#primaryimage"},"image":{"@id":"https:\/\/regask.com\/esko-webinar-from-design-to-production-line-the-future-of-the-packaging-value-chain\/#primaryimage"},"thumbnailUrl":"https:\/\/regask.com\/wp-content\/uploads\/2026\/06\/RegASK-Esko-Videojet-Webinar-2026-1.png","datePublished":"2026-06-29T08:19:02+00:00","dateModified":"2026-08-17T05:43:57+00:00","description":"RegASK participe au webinaire Esko Partnership le 10 septembre 2026. Regardez Rohit Gulati participer \u00e0 la table ronde sur la conformit\u00e9 des emballages pilot\u00e9e par l&#039;IA, couvrant PPWR, GS1 Sunrise 2027, les passeports num\u00e9riques des produits et la pr\u00e9paration r\u00e9glementaire sur les march\u00e9s mondiaux.","inLanguage":"fr-FR","potentialAction":[{"@type":"ReadAction","target":["https:\/\/regask.com\/esko-webinar-from-design-to-production-line-the-future-of-the-packaging-value-chain\/"]}]},{"@type":"ImageObject","inLanguage":"fr-FR","@id":"https:\/\/regask.com\/esko-webinar-from-design-to-production-line-the-future-of-the-packaging-value-chain\/#primaryimage","url":"https:\/\/regask.com\/wp-content\/uploads\/2026\/06\/RegASK-Esko-Videojet-Webinar-2026-1.png","contentUrl":"https:\/\/regask.com\/wp-content\/uploads\/2026\/06\/RegASK-Esko-Videojet-Webinar-2026-1.png","width":800,"height":800,"caption":"Regask Esko Videojet Webinar 2026"},{"@type":"WebSite","@id":"https:\/\/regask.com\/#website","url":"https:\/\/regask.com\/","name":"RegASK","description":"Le syst\u00e8me d&#039;exploitation d&#039;IA r\u00e9glementaire pour les \u00e9quipes performantes","publisher":{"@id":"https:\/\/regask.com\/#organization"},"potentialAction":[{"@type":"SearchAction","target":{"@type":"EntryPoint","urlTemplate":"https:\/\/regask.com\/?s={search_term_string}"},"query-input":{"@type":"PropertyValueSpecification","valueRequired":true,"valueName":"search_term_string"}}],"inLanguage":"fr-FR"},{"@type":"Organization","@id":"https:\/\/regask.com\/#organization","name":"RegASK","url":"https:\/\/regask.com\/","logo":{"@type":"ImageObject","inLanguage":"fr-FR","@id":"https:\/\/regask.com\/#\/schema\/logo\/image\/","url":"https:\/\/regask.com\/wp-content\/uploads\/2024\/10\/RegASK-Logo-Dark-Round.png","contentUrl":"https:\/\/regask.com\/wp-content\/uploads\/2024\/10\/RegASK-Logo-Dark-Round.png","width":401,"height":401,"caption":"RegASK"},"image":{"@id":"https:\/\/regask.com\/#\/schema\/logo\/image\/"},"sameAs":["https:\/\/www.facebook.com\/RegASKRegulatoryAffairs\/","https:\/\/x.com\/ASKRegASK","https:\/\/www.linkedin.com\/company\/RegASK\/","https:\/\/www.youtube.com\/@RegASK","https:\/\/www.crunchbase.com\/organization\/regask","https:\/\/www.bloomberg.com\/profile\/company\/1691237D:SP","https:\/\/pitchbook.com\/profiles\/company\/265004-02","https:\/\/www.cbinsights.com\/company\/RegASK","https:\/\/vimeo.com\/RegASK"],"legalName":"RegASK PTE. LTD.","foundingDate":"2018","slogan":"Empowering Smarter Regulatory Decisions","description":"Plateforme d&#039;intelligence artificielle multi-agents pour la veille r\u00e9glementaire et l&#039;orchestration des flux de travail dans le secteur des sciences de la vie et des produits de consommation. RegASK combine des LLM verticaux, une architecture d&#039;IA multi-agents et une communaut\u00e9 mondiale de plus de 1\u00a0800 experts pour fournir une veille r\u00e9glementaire, une analyse d&#039;impact, l&#039;automatisation des processus de conformit\u00e9 et des r\u00e9sultats pr\u00eats pour l&#039;audit dans plus de 160 pays.","areaServed":"Worldwide","founder":{"@type":"Person","name":"Caroline Shleifer","jobTitle":"Founder & CEO"},"address":{"@type":"PostalAddress","streetAddress":"79 Science Park Drive, #06-01, Cintech IV","addressLocality":"Singapore","postalCode":"118264","addressCountry":"SG"},"contactPoint":{"@type":"ContactPoint","telephone":"+65 6817 6290","contactType":"customer service","availableLanguage":["English","French","Japanese","Spanish","Chinese","German"]},"numberOfEmployees":{"@type":"QuantitativeValue","minValue":50,"maxValue":100},"knowsAbout":["Regulatory Intelligence","Regulatory Compliance","Regulatory Affairs","Workflow Orchestration","Life Sciences Regulation","Consumer Products Regulation","AI-Driven Compliance"],"hasCertification":[{"@type":"Certification","name":"ISO\/IEC 42001:2023"},{"@type":"Certification","name":"ISO\/IEC 27001:2022"},{"@type":"Certification","name":"ISO\/IEC 27701"},{"@type":"Certification","name":"ISO\/IEC 27018:2019"},{"@type":"Certification","name":"SOC 2 Type II"}]}]}},"_links":{"self":[{"href":"https:\/\/regask.com\/fr\/wp-json\/wp\/v2\/pages\/10328","targetHints":{"allow":["GET"]}}],"collection":[{"href":"https:\/\/regask.com\/fr\/wp-json\/wp\/v2\/pages"}],"about":[{"href":"https:\/\/regask.com\/fr\/wp-json\/wp\/v2\/types\/page"}],"author":[{"embeddable":true,"href":"https:\/\/regask.com\/fr\/wp-json\/wp\/v2\/users\/32"}],"replies":[{"embeddable":true,"href":"https:\/\/regask.com\/fr\/wp-json\/wp\/v2\/comments?post=10328"}],"version-history":[{"count":25,"href":"https:\/\/regask.com\/fr\/wp-json\/wp\/v2\/pages\/10328\/revisions"}],"predecessor-version":[{"id":10907,"href":"https:\/\/regask.com\/fr\/wp-json\/wp\/v2\/pages\/10328\/revisions\/10907"}],"wp:featuredmedia":[{"embeddable":true,"href":"https:\/\/regask.com\/fr\/wp-json\/wp\/v2\/media\/10350"}],"wp:attachment":[{"href":"https:\/\/regask.com\/fr\/wp-json\/wp\/v2\/media?parent=10328"}],"curies":[{"name":"wp","href":"https:\/\/api.w.org\/{rel}","templated":true}]}}